{"id":152,"date":"2011-08-23T15:15:01","date_gmt":"2011-08-23T13:15:01","guid":{"rendered":"http:\/\/xn--mozodieldesanchiigo-b4b.es\/?page_id=152"},"modified":"2014-06-22T18:33:08","modified_gmt":"2014-06-22T16:33:08","slug":"historia-de-mozodiel-de-sanchinigo","status":"publish","type":"page","link":"http:\/\/xn--mozodieldesanchiigo-b4b.es\/?page_id=152","title":{"rendered":"Historia"},"content":{"rendered":"<p><span style=\"color: #0000ff; text-decoration: underline;\"><strong><a href=\"http:\/\/xn--mozodieldesanchiigo-b4b.es\/wp-content\/uploads\/2011\/08\/mozodiel-1936.bmp\"><img decoding=\"async\" class=\"aligncenter size-full wp-image-380\" title=\"mozodiel 1936\" src=\"http:\/\/xn--mozodieldesanchiigo-b4b.es\/wp-content\/uploads\/2011\/08\/mozodiel-1936.bmp\" alt=\"\" \/><\/a><\/strong><\/span><\/p>\n<p>Mozodiel 1936<\/p>\n<p><span style=\"color: #0000ff; text-decoration: underline;\"><strong>Datos utiles:<\/strong><\/span><\/p>\n<ul>\n<li>40 Vecinos.<\/li>\n<li>15 viviendas vecinales.<\/li>\n<li>54032 m2 de Casco Urbano.<\/li>\n<li>2,21 km de regato de la Encina recorriendonos\u00a0y zona de rivera.<\/li>\n<li>785 m de altitud con una altitud maxima de 865m y minima de 730m<\/li>\n<li>3,2 km de largo y 2,70 de ancho el termino municipal.<\/li>\n<li>110 ha de Regadio.<\/li>\n<li>2 Prados.<\/li>\n<li>1 Monte.<\/li>\n<li>A 8 km de Salamanca.<\/li>\n<li>700 m de carretera de Ledesma.<\/li>\n<li>11,5 km de caminos.<\/li>\n<li>1 Ruta del Paso de Colon.<\/li>\n<\/ul>\n<div><img decoding=\"async\" class=\"aligncenter size-full wp-image-396\" style=\"border-style: initial; border-color: initial;\" title=\"pa\u00f1oleta mozodiel 1901\" src=\"http:\/\/xn--mozodieldesanchiigo-b4b.es\/wp-content\/uploads\/2011\/08\/pa\u00f1oleta-mozodiel-1901.bmp\" alt=\"\" \/><\/div>\n<p><span style=\"color: #000080;\"><strong><span style=\"text-decoration: underline;\">Trocitos<\/span><\/strong><span style=\"text-decoration: underline;\"><strong> de Una gran historia para un peque\u00f1o lugar.<\/strong><\/span><\/span><\/p>\n<div>Origen antropn. tienen tambi\u00e9n los<strong> Mozodiel salm<\/strong>., como ya indic\u00f3 Cunha Serra\u00a0en un estudio de gran influencia (CTA). <strong>Mozodiel de Sanchi\u00f1igo<\/strong><\/div>\n<div>(Madoz, CTG) es\u00a0en <strong>1265 Mo\u00e7udiel de Sanchenego<\/strong>, cuarto de Armu\u00f1a (Prest.): el propietario es tal\u00a0vez un Sancho Yienego, testigo en 1265 (DCS). Por otra parte, Mozodiel del Camino (Madoz), en 1265 \u00a0Mu\u00e7udel del Camino, cuarto de Armu\u00f1a (Prest.).<\/div>\n<div>Ambas\u00a0aldeas, probablemente originadas por escisi\u00f3n de un latifundio, son pr\u00f3ximas, y\u00a0situadas en el arroyo de la Encina o Rivera de Mozodiel (Madoz): en <strong>1220 consta\u00a0una referencia al \u201caroyo de Mozodiel\u201d <\/strong>(DCS). La cita m\u00e1s antigua es a una <strong>\u201caldeam\u00a0de Mozudiel\u201d<\/strong> (DCS, 1163 y 1164): una de las dos aldeas era coto de la ciudad de\u00a0Sca. seg\u00fan el Fuero (FSA). Serra (CTA) demostr\u00f3 que el nombre es doblete, con\u00a0diminutivo topon\u00edmico, del pr\u00f3ximo Mazote (San Cebri\u00e1n de Mazote, Valld., documentado en 1059 como Mozote; otras variantes medievales: Mozaute, Mazhote, Mozot,\u00a0as\u00ed como villa Sancti Cipriani de Mozot, en 1181, ZAM)237.<\/div>\n<div>Es antropn. bien documentado en el NW peninsular durante el primer Medioevo, derivado del \u00e1rabe Masc\u00fbd.<\/div>\n<div>Cunha Serra aporta varios ejemplos del \u00e1rea occidental de los s. X y XI, as\u00ed como\u00a0dos topns. portg.: Ma\u00e7ode (Armamar) y Ma\u00e7ouda (\u00c1gueda). En el \u00e1rea catalana,\u00a0se registran topns. con el mismo antropn.: Porxos de Massot, Massot, Benimassot\u00a0(OCat.): el nombre personal Masc\u00fbd \u2018afortunado\u2019, extendido por todo el mundo\u00a0\u00e1rabe, es participio pasivo de sacad \u2018ayudar, facilitar\u2019. Posiblemente, el propietario\u00a0fundador de los Mozodieles y de S. Cebri\u00e1n sea el mismo, veros\u00edmilmente de etnia\u00a0moz\u00e1rabe238.<\/div>\n<div>San Cebri\u00e1n fue fundada hacia 910 por moz\u00e1rabes cordobeses emigrados al norte huyendo del Islam, como propuso ya en 1919 G\u00f3mez Moreno. Tambi\u00e9n cord. fueron los fundadores de Escalada y Casta\u00f1eda. Bas\u00e1ndose en la\u00a0semejanza entre las plantas de ambas iglesias, Rafael Hidalgo ha sugerido<\/div>\n<div>que los\u00a0monjes moz\u00e1rabes podr\u00edan haberse inspirado en la planta de la bas\u00edlica de San Acisclo, destruida recientemente por las obras del AVE en C\u00f3rdoba. El Mozodiel de la\u00a0roda del Campo, tierra de Ledesma (CTG), citado como Mu\u00e7udel en Prest., tendr\u00e1\u00a0el mismo origen239, como tambi\u00e9n Matute, lugar de Sor. (Carracedo Arroyo, 1996,p. 199), un lugar de Matutejo, desp., en Santa Mar\u00eda del Arroyo (\u00c1v.) (COM) y Matute, antiguo Ma\u00e7ud (1270), en tierra de Segv.<\/div>\n<div>Otro nombre de propietario moz\u00e1rabe fue se\u00f1alado por Cunha Serra (CTA) en\u00a0Sca. Se trata de Pozos de M\u00f3ndar, roda de Tirados, tierra de Ledesma (CTG, VOB,\u00a0Madoz), que en el Fuero de Ledesma es Po\u00e7os de Almondar. Otros documentos\u00a0medievales lo registran simplemente como Pozos (DCS, 1259; Prest.; SSP, 1235).<\/div>\n<div>Se trata, seg\u00fan Serra, del nombre personal al-Mundir (\u00bfdel \u00e1r. MUNDIR \u2018el que avisa, el que cauciona\u2019?; con este nombre hubo un emir omeya de C\u00f3rdoba, que luch\u00f3\u00a0contra el rebelde Marwan; las cr\u00f3nicas cristianas reproducen su nombre como\u00a0Almondar, Almundar: as\u00ed en cr\u00f3nica de Gar\u00e7\u00eda de Salazar, \u201cle entraron por la tierra dos capitanes con muchos moros, que se llamavan el uno Almondar e al otro<\/div>\n<div>Vudaldar\u201d, referencia a Ordo\u00f1o I en su lucha contra Al-Mundir y su hermano\u00a0Abd-Allah).<\/div>\n<div>Paralelamente, se registran los antropns. Abolmundar y Abolmondar,frecuentes en los cartularios leoneses (\u00e1r. ABU-\u2018padre\u2019; un conde burgal\u00e9s muerto\u00a0por Ordo\u00f1o II ten\u00eda tambi\u00e9n este nombre, Or\u00edg. 983). Villalmondar (Burg.) es en\u00a01117 \u00a0Villa Almundar (Cond., p. 106); otra Torre de Abolmondar castellana en\u00a0docs. medievales (Cond., p. 119). Por otra parte, el nombre del r\u00edo \u00a0Valmuza,\u00a0registrado en el Fuero como Ual mu\u00e7a (rio de Valmu\u00e7a en DCS, 1280), procede\u00a0seg\u00fan Cunha Serra tambi\u00e9n de un<\/div>\n<div>nombre personal, el de un propietario probablamente moz\u00e1rabe, Mus\u00e0, nombre correspondiente al Muza de las cr\u00f3nicas cristianas (equivalente al hebreo Mois\u00e9s). Como antropn., Muza se repite en Galicia\u00a0y Le\u00f3n durante los s. X y XI: v\u00e9ase en Portg. el topn. Mur\u00e7a, antiguo Mu\u00e7a<\/div>\n<div>237 Quiz\u00e1s el mismo antropn., con graf\u00eda culta, se registra en Pelaio, filio de Mozocti (1150), (APEL,\u00a0p. 42). El r\u00edo que pasa por S. Cebri\u00e1n de Mazote, el Bajoz, deriva su nombre del mismo nombre personal, con evoluci\u00f3n divergente, que incluye confusi\u00f3n de labiales m- &gt; b- y velarizaci\u00f3n: se documenta como flumen Muzgod y Mozaudi (CEA).<\/div>\n<div>238 N\u00fa\u00f1ez recoge hacia 1550 el refr\u00e1n \u201ch\u00e1zelo Haxa y a\u00e7otan a Ma\u00e7ote\u201d, que juega con las paronimias, recurriendo a dos antropn. morunos, Aixa y Masud.<\/div>\n<div>239 El paraje llamado El Mozote, en Villares de la Reina (MTN 452-IV), podr\u00eda remontarse al mismo origen antropon\u00edmico.<\/div>\n<div>Para mas\u00a0informaci\u00f3n\u00a0pinche\u00a0<a href=\"http:\/\/www.upo.es\/ghf\/giest\/documentos\/otros\/Riesco2006_anotacionestoponimicassalmantinas.pdf\" target=\"_blank\">aqu\u00ed.<\/a><\/div>\n<div>Autor Don: Pascual Riesco Chueca,\u00a0ANOTACIONES TOPON\u00cdMICAS SALMANTINAS<\/div>\n<div>\n<p><strong>ENTORNO DE MOZODIEL <\/strong>(<em>Diccionario Geografico-Estad\u00edstico de Espa\u00f1a y Portugal<\/em>, de Sebasti\u00e1n de Mi\u00f1ano; y otras fuentes)<\/p>\n<p><strong><span style=\"text-decoration: underline;\">MOZODIEL DE SANCHI\u00d1IGO,<\/span><\/strong> L.R. de Espa\u00f1a, provincia, partido y obispado de Salamanca, cuarto de Armu\u00f1a. 3 vec., 18 habitantes. Dista legua y media de la capital. Contr. 565 rs. 7 mrs.<\/p>\n<p>CASTELLANOS DE VILLIQUERA, L. R. de Espa\u00f1a, provincia, part. y obisp. de Salamanca , cuarto de Armu\u00f1a. A. P., 47vecinos, 147 habitantes, 1 parr. Sit. \u00e1 2 legnas de la capital en terreno montuoso; conf. con Villiquera, la granja de Zorita y la de Valcuebo. Produce granos, pastos y ganados. Contr. 2,619 rs. 5 mrs.<\/p>\n<\/div>\n<div>\n<p>TESONERA, Desp. R. de Esp., prov. y part. de Salamanca, cuarto de Armu\u00f1a. Sit. \u00e1 orilla del Tormos, lind. con Rasc\u00f3n, Mozodiel de Sanchinigo y Burdinas<a href=\"file:\/\/\/C:\/Documents%20and%20Settings\/miguel%20angel\/My%20Documents\/Downloads\/Mozodiel,%20algunos%20datos.doc#_ftn1\">[1]<\/a>. Prod. granos, garbanzos, legumb. y pastos.Dista 1 1\/2 leg. de la cap.<\/p>\n<p>RASC\u00d3N. Despoblado R. de Espa\u00f1a, provincia y partido de<\/p>\n<p>Salamanca, cuarto de Armu\u00f1a. Situado a orilla del Tormes, lindando con la Granja de Zorita, Tesonera y Mozodiel de Sanchi\u00f1igo. Produce granos, legumbres y pastos. Dista 2 leguas de la capital.<\/p>\n<p>Mozodiel de Sanch\u00ed\u00f1igo era conocido tambi\u00e9n como Mozodiel de Abajo, junto a Valcuevo.<\/p>\n<p><span style=\"text-decoration: underline;\"><span style=\"color: #0000ff; text-decoration: underline;\"><strong>En 1834, al realizarse la nueva subdivisi\u00f3n en partidos, se incluyen como agregados a Valverd\u00f3n, \u201cla aldea de Mozodiel de Sanchi\u00f1igo, la\u00a0alquer\u00eda de Valcuevo y los despoblados de Benavides, Riveraverde, Tesonera, Zorita y Rasc\u00f3n\u201d.<\/strong><\/span><\/span><\/p>\n<p><span style=\"text-decoration: underline;\"><span style=\"color: #0000ff; text-decoration: underline;\"><strong>En el Madoz (1845-1850), Mozodiel se describe como parte del t\u00e9rmino de Castellanos de Villiquera:<\/strong><\/span><\/span><\/p>\n<div>\n<p><span style=\"text-decoration: underline;\">Tambi\u00e9n en el Madoz se recogen las siguientes descripciones:<\/span><\/p>\n<p>BURRINAS : desp. agregado al ayunt. de <em>Florida de Li\u00e9bana <\/em>(V.), en la prov., part. jud. y di\u00f3c. de Salamanca (1 1\/2 leg.) Confina por N. y O. con su matriz; E. con el desp. Tesonera, y S. con la alq. Puerto de la Anunciaci\u00f3n: ocupa I\/4 leg. de N. \u00e1 S., lo mismo de E. \u00e1 O., y <em>\u00bd <\/em>leg. de circunferencia. Las 119 huebras que comprende, 18 se emplean en la siembra de trigo, 57 en la de centeno, y las restantes, 4 son de monte con unas 100 encinas, y 10 de pasto de secano de primera calidad. Se halla muy pr\u00f3ximo \u00e1 las orillas del Tormes, y perteneci\u00f3 al hospital de la v. de Benavente. Cap. \u0422\u0415RR. PROD.: 705 rs. IMP.: 37 rs.<\/p>\n<p>Pa\u00f1oleta (antecesora del Mapa topogr\u00e1fico nacional en escala 1:50000), que se elabor\u00f3 en 1901.<\/p>\n<\/div>\n<\/div>\n<p><span style=\"font-family: 'Comic Sans MS';\"><em>Recopilado por Pascual \u00a0Riesco Chueca y su inestimable generosidad.<\/em><\/span><\/p>\n","protected":false},"excerpt":{"rendered":"<p>Mozodiel 1936 Datos utiles: 40 Vecinos. 15 viviendas vecinales. 54032 m2 de Casco Urbano. 2,21 km de regato de la Encina recorriendonos\u00a0y zona de rivera. 785 m de altitud con una altitud maxima de 865m y minima de 730m 3,2 &hellip; <a href=\"http:\/\/xn--mozodieldesanchiigo-b4b.es\/?page_id=152\">Sigue leyendo <span class=\"meta-nav\">&rarr;<\/span><\/a><\/p>\n","protected":false},"author":1,"featured_media":0,"parent":238,"menu_order":0,"comment_status":"open","ping_status":"open","template":"","meta":{"footnotes":""},"class_list":["post-152","page","type-page","status-publish","hentry"],"_links":{"self":[{"href":"http:\/\/xn--mozodieldesanchiigo-b4b.es\/index.php?rest_route=\/wp\/v2\/pages\/152","targetHints":{"allow":["GET"]}}],"collection":[{"href":"http:\/\/xn--mozodieldesanchiigo-b4b.es\/index.php?rest_route=\/wp\/v2\/pages"}],"about":[{"href":"http:\/\/xn--mozodieldesanchiigo-b4b.es\/index.php?rest_route=\/wp\/v2\/types\/page"}],"author":[{"embeddable":true,"href":"http:\/\/xn--mozodieldesanchiigo-b4b.es\/index.php?rest_route=\/wp\/v2\/users\/1"}],"replies":[{"embeddable":true,"href":"http:\/\/xn--mozodieldesanchiigo-b4b.es\/index.php?rest_route=%2Fwp%2Fv2%2Fcomments&post=152"}],"version-history":[{"count":22,"href":"http:\/\/xn--mozodieldesanchiigo-b4b.es\/index.php?rest_route=\/wp\/v2\/pages\/152\/revisions"}],"predecessor-version":[{"id":1059,"href":"http:\/\/xn--mozodieldesanchiigo-b4b.es\/index.php?rest_route=\/wp\/v2\/pages\/152\/revisions\/1059"}],"up":[{"embeddable":true,"href":"http:\/\/xn--mozodieldesanchiigo-b4b.es\/index.php?rest_route=\/wp\/v2\/pages\/238"}],"wp:attachment":[{"href":"http:\/\/xn--mozodieldesanchiigo-b4b.es\/index.php?rest_route=%2Fwp%2Fv2%2Fmedia&parent=152"}],"curies":[{"name":"wp","href":"https:\/\/api.w.org\/{rel}","templated":true}]}}