{"id":307,"date":"2011-11-02T20:05:15","date_gmt":"2011-11-02T18:05:15","guid":{"rendered":"http:\/\/xn--mozodieldesanchiigo-b4b.es\/?page_id=307"},"modified":"2011-11-03T21:58:12","modified_gmt":"2011-11-03T19:58:12","slug":"calendario-agricola","status":"publish","type":"page","link":"http:\/\/xn--mozodieldesanchiigo-b4b.es\/?page_id=307","title":{"rendered":"CALENDARIO AGRICOLA"},"content":{"rendered":"<p><span style=\"color: #000080;\">Probablemente, esta retah\u00edla tiene su origen, remoto o cercano en las cartillas de pedagog\u00eda agr\u00edcola, que se popularizaron a finales del s. XIX. El inter\u00e9s por reproducir aqu\u00ed el texto es m\u00faltiple: por un lado, las cartillas se basaban en el refranero popular y, como las notas muestran, es estrecha la correspondencia con dichos de la zona; a ello se a\u00f1ade el hecho de que no se conoce el original del que estos versos, retenidos en la memoria de la informante, proceden. No es descartable que el texto se conserve impreso en alguna edici\u00f3n de dif\u00edcil acceso. Finalmente, la reproducci\u00f3n de memoria del calendario ha dado lugar a abundantes intercalaciones y adaptaciones que dan una buena muestra de l\u00e9xico calzudo.<\/span><\/p>\n<div>\n<table border=\"1\" width=\"496\" background=\"http:\/\/www.calzadadevaldunciel.es\/web_anterior\/comun\/pergamin.jpg\">\n<tbody>\n<tr>\n<td width=\"486\"><strong><span style=\"font-size: medium;\"> <\/span><\/strong>&nbsp;<\/p>\n<p><strong><span style=\"color: #800000; font-size: medium;\">Cancionero agr\u00edcola<\/span><\/strong><\/p>\n<p>&nbsp;<\/p>\n<p><strong>Enero de hielos,<\/strong><\/p>\n<p><strong>en las eras muchos muelos.<span style=\"color: #800000; font-size: x-small;\"><img loading=\"lazy\" decoding=\"async\" src=\"http:\/\/www.calzadadevaldunciel.es\/web_anterior\/comun\/llamada.gif\" border=\"0\" alt=\"Comp\u00e1rese con &quot;a\u00f1o de hielos, a\u00f1o de muelos&quot; en Mor\u00e1n (1954) y en Palacios del Arzobispo (p. 59). Se da a entender que las heladas auguran buena cosecha y por lo tanto copiosos muelos. En Sayago: &quot;si hiela en enero, en las eras muchos muelos&quot; (Panero, 2000; p. 204).\" width=\"15\" height=\"16\" \/>(1)<\/span><\/strong><\/p>\n<p><strong>La alzada de enero<\/strong><\/p>\n<p><strong>hace a su amo caballero,<span style=\"color: #800000; font-size: x-small;\"><img loading=\"lazy\" decoding=\"async\" src=\"http:\/\/www.calzadadevaldunciel.es\/web_anterior\/comun\/llamada.gif\" border=\"0\" alt=\"En Palacios del Arzobispo, circula el refr\u00e1n: &quot;alzadita de enero hace al amo caballero, y si es antes, caballero con guantes&quot;. El mismo refr\u00e1n en Mor\u00e1n (1954). Se supone que la alzada temprana, esto es, la primera vuelta de arado que se da a la tierra, es sumamente beneficiosa. En Andaluc\u00eda, &quot;el barbecho de enero hace a su amo caballero, y si antes, hasta con guantes&quot; (Cobos, p. 28). Ya Correas (1627) recoge el dicho: &quot;Alzada, de enero \u00e1 de ser para ser buena&quot;.\" width=\"15\" height=\"16\" \/>(2)<\/span><\/strong><\/p>\n<p><strong>porque se curte la tierra<\/strong><\/p>\n<p><strong>con los hielos y las nieblas.<\/strong><\/p>\n<p><strong>Los guisantes en enero<\/strong><\/p>\n<p><strong>suelen ser perecederos:<\/strong><\/p>\n<p><strong>la siembra de los guisantes,<\/strong><\/p>\n<p><strong>de febrero en el menguante.<span style=\"color: #800000; font-size: x-small;\"><img loading=\"lazy\" decoding=\"async\" src=\"http:\/\/www.calzadadevaldunciel.es\/web_anterior\/comun\/llamada.gif\" border=\"0\" alt=\"An\u00e1logo consejo se recoge en Asturias: &quot;si qui\u00e9s tener buen patatero, sema a menguante de la lluna de febreru&quot; (Cobos, 1989, p. 106). La referencia al menguante es frecuente en los refranes antiguos (Correas, 1627): &quot;En menguante de enero, korta tu madero&quot;\" width=\"15\" height=\"16\" \/>(3)<\/span><\/strong><\/p>\n<p><strong>Hasta por la Encarnaci\u00f3n<span style=\"color: #800000; font-size: x-small;\"><img loading=\"lazy\" decoding=\"async\" src=\"http:\/\/www.calzadadevaldunciel.es\/web_anterior\/comun\/llamada.gif\" border=\"0\" alt=\"25 de marzo.\" width=\"15\" height=\"16\" \/>(4)<\/span><\/strong><\/p>\n<p><strong>los tengo sembrados<\/strong><\/p>\n<p><strong>y dieron mejor resultado<\/strong><\/p>\n<p><strong>que los que fueron tempranos.<\/strong><\/p>\n<p><strong>Los m\u00e9dicos por la ciencia,<\/strong><\/p>\n<p><strong>y el labrador por la experiencia:<\/strong><\/p>\n<p><strong>esto a ambos hace falta<\/strong><\/p>\n<p><strong>y aun a las veces no basta.<\/strong><\/p>\n<p><strong>En el trabajo al ganado<\/strong><\/p>\n<p><strong>traerlo siempre bien calzado.<\/strong><\/p>\n<p><strong>Lechuga, berza y tomate<\/strong><\/p>\n<p><strong>se siembran en el menguante.<\/strong><\/p>\n<p><strong>Si cuando llueve se hacen<\/strong><\/p>\n<p><strong>en el agua caracoles,<\/strong><\/p>\n<p><strong>labradores y hortelanos,<\/strong><\/p>\n<p><strong>no tocadle a las labores.<\/strong><\/p>\n<p><strong>Si se juntan los hombres en las cocinas,<\/strong><\/p>\n<p><strong>en la taberna o fragua, mal tiempo inclina.<span style=\"color: #800000; font-size: x-small;\"><img loading=\"lazy\" decoding=\"async\" src=\"http:\/\/www.calzadadevaldunciel.es\/web_anterior\/comun\/llamada.gif\" border=\"0\" alt=\"&quot;D\u00eda de agua, d\u00eda de taberna o de fragua&quot;: se dice en Sayago (Panero, 2000; p. 206).\" width=\"15\" height=\"16\" \/>(5)<\/span><\/strong><\/p>\n<p><strong>En febrero, la morchuela,<span style=\"color: #800000; font-size: x-small;\"><img loading=\"lazy\" decoding=\"async\" src=\"http:\/\/www.calzadadevaldunciel.es\/web_anterior\/comun\/llamada.gif\" border=\"0\" alt=\"Mochuelo\" width=\"15\" height=\"16\" \/>(6)<\/span><\/strong><\/p>\n<p><strong>cuando canta, llueve o nieva.<\/strong><\/p>\n<p><strong>Si febrero viene de aguas,<\/strong><\/p>\n<p><strong>habr\u00e1 pastos y habr\u00e1 parvas.<span style=\"color: #800000; font-size: x-small;\"><img loading=\"lazy\" decoding=\"async\" src=\"http:\/\/www.calzadadevaldunciel.es\/web_anterior\/comun\/llamada.gif\" border=\"0\" alt=\"Mor\u00e1n (1954) recoge el refr\u00e1n: &quot;las aguas de febrero abastecen tu granero&quot;. En Galicia &quot;se non chove en Febreiro, nin bo prado nin bo centeo&quot; (Cobos, p. 191). Igual en Monleras: &quot;si no llueve en febrero, ni hay buen prao ni buen centeno&quot; (Solano, 1989, p. 241); tambi\u00e9n en Sayago (Solano, 2000; p. 204). En Portugal: &quot;Quando n\u00e3o chove em Fevereiro, nem bom prado nem bom lameiro, nem bom corno no carneiro&quot;. Correas (1627): &quot;Kuando no llueve en hebrero, ni ai buen prado ni buen zenteno&quot;.\" width=\"15\" height=\"16\" \/>(7)<\/span><\/strong><\/p>\n<p><strong>La aricada de febrero,<\/strong><\/p>\n<p><strong>presa\u00a0<span style=\"color: #800000; font-size: x-small;\"><img loading=\"lazy\" decoding=\"async\" src=\"http:\/\/www.calzadadevaldunciel.es\/web_anterior\/comun\/llamada.gif\" border=\"0\" alt=\"S\u00e1nchez Le\u00f3n (1995) describe preso como \u2018de \u00e1ngulo cerrado, agudo\u2019: un zacho est\u00e1 preso cuando su mango forma un \u00e1ngulo m\u00e1s cerrado que el habitual.\" width=\"15\" height=\"16\" \/>(8) <\/span>y con poco orejero.<span style=\"color: #800000; font-size: x-small;\"><img loading=\"lazy\" decoding=\"async\" src=\"http:\/\/www.calzadadevaldunciel.es\/web_anterior\/comun\/llamada.gif\" border=\"0\" alt=\"Orejero: &quot;cada uno de los dos palos, de secci\u00f3n circular y ligeramente curvados, que lleva el arado romano para abrir el surco y voltear la tierra a ambos lados de la reja&quot;. Es decir, la aricada, cuya funci\u00f3n es arrimar tierra a los cerros, donde est\u00e1 creciendo el tallo de los cereales sembrados, as\u00ed como retirar hierbas crecidas en los valles, debe mover poco la tierra para no da\u00f1ar la futura cosecha.\" width=\"15\" height=\"16\" \/>(9)<\/span><\/strong><\/p>\n<p><strong>Si se entierra mucho el fruto,<\/strong><\/p>\n<p><strong>se quitan los orejeros<\/strong><\/p>\n<p><strong>y que se entierre el arado<\/strong><\/p>\n<p><strong>hasta cubrir el trebejo.<span style=\"color: #800000; font-size: x-small;\"><img loading=\"lazy\" decoding=\"async\" src=\"http:\/\/www.calzadadevaldunciel.es\/web_anterior\/comun\/llamada.gif\" border=\"0\" alt=\"Parece referirse al pescu\u00f1o del arado. En Toro se llama trobejo a dicha pieza.\" width=\"15\" height=\"16\" \/>(10)<\/span><\/strong><\/p>\n<p><strong>Quien mucho adelanta [a] arar,<\/strong><\/p>\n<p><strong>m\u00e1s avanza [a] acarrear.<\/strong><\/p>\n<p><strong>El que quiera coger fruto,<\/strong><\/p>\n<p><strong>en a\u00f1o bueno y en malo<\/strong><\/p>\n<p><strong>que estierque y meta a los bueyes<\/strong><\/p>\n<p><strong>poca bulla y mucho clavo.<span style=\"color: #800000; font-size: x-small;\"><img loading=\"lazy\" decoding=\"async\" src=\"http:\/\/www.calzadadevaldunciel.es\/web_anterior\/comun\/llamada.gif\" border=\"0\" alt=\"Es decir, que estimule mucho a los bueyes para que aren despacio y profundo.\" width=\"15\" height=\"16\" \/>(11)<\/span><\/strong><\/p>\n<p><strong>Por la fiesta de San Blas,<\/strong><\/p>\n<p><strong>la cigue\u00f1a en Quejigal,<span style=\"color: #800000; font-size: x-small;\"><img loading=\"lazy\" decoding=\"async\" src=\"http:\/\/www.calzadadevaldunciel.es\/web_anterior\/comun\/llamada.gif\" border=\"0\" alt=\"De la referencia a Quejigal (en la Armu\u00f1a Chica, junto a Tabera y Roll\u00e1n) parece inferirse que el autor de estos consejos era de la zona.\" width=\"15\" height=\"16\" \/>(12)<\/span><\/strong><\/p>\n<p><strong>que matan muchas machorras<\/strong><\/p>\n<p><strong>y bien a comer lo sabr\u00e1s.<span style=\"color: #800000; font-size: x-small;\"><img loading=\"lazy\" decoding=\"async\" src=\"http:\/\/www.calzadadevaldunciel.es\/web_anterior\/comun\/llamada.gif\" border=\"0\" alt=\"Machorras son las ovejas no destinadas a criar corderos.\" width=\"15\" height=\"16\" \/>(13)<\/span><\/strong><\/p>\n<p><strong>Marzo es la puerta del a\u00f1o,<\/strong><\/p>\n<p><strong>abril la cerradura,<span style=\"color: #800000; font-size: x-small;\"><img loading=\"lazy\" decoding=\"async\" src=\"http:\/\/www.calzadadevaldunciel.es\/web_anterior\/comun\/llamada.gif\" border=\"0\" alt=\"  &quot;Abril i maio , la llave de todo el a\u00f1o&quot; (Correas, 1627); aunque se replicaba: &quot;Enero haze el pekado, i maio es el kulpado&quot;.\" width=\"15\" height=\"16\" \/>(14)<\/span><\/strong><\/p>\n<p><strong>mayo es el mes que discierne<\/strong><\/p>\n<p><strong>el labrador la ventura.<span style=\"color: #800000; font-size: x-small;\"><img loading=\"lazy\" decoding=\"async\" src=\"http:\/\/www.calzadadevaldunciel.es\/web_anterior\/comun\/llamada.gif\" border=\"0\" alt=\"Es decir, en mayo ya se deja adivinar c\u00f3mo de buena vaya a ser la cosecha.\" width=\"15\" height=\"16\" \/>(15)<\/span><\/strong><\/p>\n<p><strong>Marzo quita las polillas<\/strong><\/p>\n<p><strong>de las sayas y mantillas,<\/strong><\/p>\n<p><strong>conque bueno ser\u00e1<\/strong><\/p>\n<p><strong>cuando mata las bichillas.<span style=\"color: #800000; font-size: x-small;\"><img loading=\"lazy\" decoding=\"async\" src=\"http:\/\/www.calzadadevaldunciel.es\/web_anterior\/comun\/llamada.gif\" border=\"0\" alt=\"&quot;Marzo quita las polillas de las sayas y mantillas. Mira qu\u00e9 bueno ser\u00e1 cuando mata las bichillas&quot; es refr\u00e1n en Sayago (Panero, 2000; p. 207). Da a entender que es un mes sano y que cura a la gente y a la tierra.\" width=\"15\" height=\"16\" \/>(16)<\/span><\/strong><\/p>\n<p><strong>Marzo seco, de aires cierzos,<span style=\"color: #800000; font-size: x-small;\"><img loading=\"lazy\" decoding=\"async\" src=\"http:\/\/www.calzadadevaldunciel.es\/web_anterior\/comun\/llamada.gif\" border=\"0\" alt=\"&quot;Marzo quita las polillas de las sayas y mantillas. Mira qu\u00e9 bueno ser\u00e1 cuando mata las bichillas&quot; es refr\u00e1n en Sayago (Panero, 2000; p. 207). Da a entender que es un mes sano y que cura a la gente y a la tierra.\" width=\"15\" height=\"16\" \/>(17)<\/span><\/strong><\/p>\n<p><strong>ponle dientes a tus bieldos.<\/strong><\/p>\n<p><strong>Si marzo no hace lagunas,<\/strong><\/p>\n<p><strong>la cosecha est\u00e1 segura.<\/strong><\/p>\n<p><strong>Si marzo viene de aguas,<\/strong><\/p>\n<p><strong>pronto se trillan las parvas.<\/strong><\/p>\n<p><strong>Si el mes de marzo<\/strong><\/p>\n<p><strong>el trigo pone calzas coloradas,<\/strong><\/p>\n<p><strong>para el a\u00f1o venidero<\/strong><\/p>\n<p><strong>los labradores, albarcas,<\/strong><\/p>\n<p><strong>porque la cosecha es corta<\/strong><\/p>\n<p><strong>y a hacer zapatos no alcanza.<span style=\"color: #800000; font-size: x-small;\"><img loading=\"lazy\" decoding=\"async\" src=\"http:\/\/www.calzadadevaldunciel.es\/web_anterior\/comun\/llamada.gif\" border=\"0\" alt=\"En Sayago se recoge: &quot;si en marzo pone el trigo las calzas coloradas, los labradores, albarcas, porque la cosecha es corta y a hacer zapatos no alcanza&quot; (Panero, 2000; p. 204). Se refiere a una pelleja rojiza que le sale a las ca\u00f1as del trigo en los a\u00f1os de mala cosecha.\" width=\"15\" height=\"16\" \/>(18)<\/span><\/strong><\/p>\n<p><strong>Cuando canta el gorri\u00f3n<\/strong><\/p>\n<p><strong>no trabaja el labrador,<\/strong><\/p>\n<p><strong>y si cantan los jilgueros,<\/strong><\/p>\n<p><strong>no temas meter obreros.<span style=\"color: #800000; font-size: x-small;\"><img loading=\"lazy\" decoding=\"async\" src=\"http:\/\/www.calzadadevaldunciel.es\/web_anterior\/comun\/llamada.gif\" border=\"0\" alt=\"Jornaleros o temporeros.\" width=\"15\" height=\"16\" \/>(19)<\/span><\/strong><\/p>\n<p><strong>Adi\u00f3s, marzo venturoso,<\/strong><\/p>\n<p><strong>m\u00e1s vale que vengas seco<\/strong><\/p>\n<p><strong>que de lluvias tempestuoso.<\/strong><\/p>\n<p><strong>Abril de lluvias y fr\u00edos,<\/strong><\/p>\n<p><strong>padecen mucho los trigos.<\/strong><\/p>\n<p><strong>Abril de lluvia y sereno,<span style=\"color: #800000; font-size: x-small;\"><img loading=\"lazy\" decoding=\"async\" src=\"http:\/\/www.calzadadevaldunciel.es\/web_anterior\/comun\/llamada.gif\" border=\"0\" alt=\"Sereno es tiempo despejado.\" width=\"15\" height=\"16\" \/>(20)<\/span><\/strong><\/p>\n<p><strong>prepara bien tu granero.<\/strong><\/p>\n<p><strong>Hasta el d\u00eda de San Marcos,<span style=\"color: #800000; font-size: x-small;\"><img loading=\"lazy\" decoding=\"async\" src=\"http:\/\/www.calzadadevaldunciel.es\/web_anterior\/comun\/llamada.gif\" border=\"0\" alt=\"25 de abril. &quot;Por San Marcos, el garbanzal, ni nacido ni por sembrar&quot;.\" width=\"15\" height=\"16\" \/>(21)<\/span><\/strong><\/p>\n<p><strong>se pueden sembrar garbanzos.<\/strong><\/p>\n<p><strong>Caiga alta, caiga baja<\/strong><\/p>\n<p><strong>la [Pascua], no destetes tu ternero<\/strong><\/p>\n<p><strong>hasta pasar San Mateo:<span style=\"color: #800000; font-size: x-small;\"><img loading=\"lazy\" decoding=\"async\" src=\"http:\/\/www.calzadadevaldunciel.es\/web_anterior\/comun\/llamada.gif\" border=\"0\" alt=\"  San Mateo es el 21 de septiembre. Se ha interpolado &quot;Pascua&quot;, en un punto donde no qued\u00f3 clara la retahila. \" width=\"15\" height=\"16\" \/>(22)<\/span><\/strong><\/p>\n<p><strong>si nace por San Mart\u00edn,<span style=\"color: #800000; font-size: x-small;\"><img loading=\"lazy\" decoding=\"async\" src=\"http:\/\/www.calzadadevaldunciel.es\/web_anterior\/comun\/llamada.gif\" border=\"0\" alt=\"12 de noviembre.\" width=\"15\" height=\"16\" \/>(23)<\/span><\/strong><\/p>\n<p><strong>dest\u00e9talo al fin de abril.<\/strong><\/p>\n<p><strong>Ara sin cesar en mayo,<\/strong><\/p>\n<p><strong>que come bien el ganado;<span style=\"color: #800000; font-size: x-small;\"><img loading=\"lazy\" decoding=\"async\" src=\"http:\/\/www.calzadadevaldunciel.es\/web_anterior\/comun\/llamada.gif\" border=\"0\" alt=\"Y por lo tanto tiene fuerza para tirar del arado. En mayo hay abundante pasto.\" width=\"15\" height=\"16\" \/>(24)<\/span><\/strong><\/p>\n<p><strong>hasta medio d\u00eda arar,<\/strong><\/p>\n<p><strong>y por la tarde a escardar.<span style=\"color: #800000; font-size: x-small;\"><img loading=\"lazy\" decoding=\"async\" src=\"http:\/\/www.calzadadevaldunciel.es\/web_anterior\/comun\/llamada.gif\" border=\"0\" alt=\"&quot;El que en mayo escarda, hace parva&quot; (Mor\u00e1n, 1954). La escarda se hac\u00eda a mano y era tarea habitualmente encomendada a mujeres.\" width=\"15\" height=\"16\" \/>(25)<\/span><\/strong><\/p>\n<p><strong>En este tiempo conviene<\/strong><\/p>\n<p><strong>el ir [a] arar de temprano,<\/strong><\/p>\n<p><strong>que, con la fuerza del sol,<\/strong><\/p>\n<p><strong>no se sujeta el ganado.<\/strong><\/p>\n<p><strong>No hace falta en los arados<\/strong><\/p>\n<p><strong>que tengan mucha madera:<\/strong><\/p>\n<p><strong>no son los arados gordos<\/strong><\/p>\n<p><strong>los que m\u00e1s labran la tierra.<\/strong><\/p>\n<p><strong>No motiles\u00a0<span style=\"color: #800000; font-size: x-small;\"><img loading=\"lazy\" decoding=\"async\" src=\"http:\/\/www.calzadadevaldunciel.es\/web_anterior\/comun\/llamada.gif\" border=\"0\" alt=\"Motilar es 'esquilar'\" width=\"15\" height=\"16\" \/>(26)<\/span> tu ganado<\/strong><\/p>\n<p><strong>hasta que no pase mayo,<\/strong><\/p>\n<p><strong>que si lo motilas antes<\/strong><\/p>\n<p><strong>y viene una granizada,<\/strong><\/p>\n<p><strong>est\u00e1 en peligro que tengas<\/strong><\/p>\n<p><strong>pellejos para zamarras.<span style=\"color: #800000; font-size: x-small;\"><img loading=\"lazy\" decoding=\"async\" src=\"http:\/\/www.calzadadevaldunciel.es\/web_anterior\/comun\/llamada.gif\" border=\"0\" alt=\"Es decir, en peligro de que la tormenta mate las ovejas y que del ganado lo \u00fanico que le quede al pastor sean las pieles. V\u00e9ase el refr\u00e1n portugu\u00e9s: &quot;se Mar\u00e7o d\u00e1 de rabo, nem fica ovelha parida nem pastor a\u00e7amarrado&quot;.  Esta historieta meteorol\u00f3gica es antigua, y ya Correas (1627) la cita en varias versiones: &quot;Si marzo buelve de rrabo, ni kedar\u00e1 ovexa, ni pastor enzamarrado&quot;; o &quot;si marzo buelve de rrabo, no dexa kordero enalmagrado, ni pastor enzamarrado, ni karnero enzenzerrado&quot;; o &quot;All\u00e1 vaias, hebrero el korto, kon tus d\u00edas veinte i ocho; mal as burlado mi ganado, ke llevaste lo de oga\u00f1o. -All\u00e1 keda mi ermano marzo, ke si buelve de rrabo, no dexa kordero enalmagrado&quot;. Tambi\u00e9n lo aplica a abril: &quot;All\u00e1 vaias, marzo marzocho; ak\u00e1 me kedo io kon mis bezerros todos ocho. -Kall\u00e1, de una viexa falsa rruin, ke all\u00e1 viene mi ermano abril, ke kon los kueros a la feria os har\u00e1 ir&quot;.\" width=\"15\" height=\"16\" \/>(27)<\/span><\/strong><\/p>\n<p><strong>Agua que cae por San Juan<\/strong><\/p>\n<p><strong>quita vino y no da pan.<span style=\"color: #800000; font-size: x-small;\"><img loading=\"lazy\" decoding=\"async\" src=\"http:\/\/www.calzadadevaldunciel.es\/web_anterior\/comun\/llamada.gif\" border=\"0\" alt=\"An\u00e1logamente,  &quot;las aguas de San Juan quitan vino y no dan pan&quot; (Palacios del Arzobispo, p. 56, y Mor\u00e1n, 1954); en Bemposta (Miranda de Douro, Portugal), &quot;a chuva de S. Jo\u00e3o bebe o vinho e come o p\u00e3o&quot;. En Correas (1627): &quot;Agua de por San Xuan, kita vino i no da pan; por agosto, ni pan ni mosto&quot;.\" width=\"15\" height=\"16\" \/>(28)<\/span><\/strong><\/p>\n<p><strong>Si conoces alg\u00fan a\u00f1o<\/strong><\/p>\n<p><strong>que se siegue por San Pedro,<span style=\"color: #800000; font-size: x-small;\"><img loading=\"lazy\" decoding=\"async\" src=\"http:\/\/www.calzadadevaldunciel.es\/web_anterior\/comun\/llamada.gif\" border=\"0\" alt=\"  29 de junio. Se tratar\u00eda por lo tanto de una siega prematura, pues lo normal es segar el trigo hacia mediados de julio.\" width=\"15\" height=\"16\" \/>(29)<\/span><\/strong><\/p>\n<p><strong>vive con cuenta y cuidado<\/strong><\/p>\n<p><strong>que de \u00e9stos hay pocos buenos.<\/strong><\/p>\n<p><strong>Si cuando se dan los haces<\/strong><\/p>\n<p><strong>pinga el trigo en los sombreros,<\/strong><\/p>\n<p><strong>vive con la confianza<\/strong><\/p>\n<p><strong>de que son grandes los muelos.<\/strong><\/p>\n<p><strong>Julio vive recogiendo<\/strong><\/p>\n<p><strong>lo que los otros le han dejado.<\/strong><\/p>\n<p><strong>Para que sea bueno julio<\/strong><\/p>\n<p><strong>ha de venir fresco, aireado,<\/strong><\/p>\n<p><strong>que sacuda el azafr\u00e1n<\/strong><\/p>\n<p><strong>y deje gozado el grano.<\/strong><\/p>\n<p><strong>Para eso con mucha pompa<\/strong><\/p>\n<p><strong>en Espa\u00f1a celebramos<\/strong><\/p>\n<p><strong>el 25 la fiesta del Santo<\/strong><\/p>\n<p><strong>Ap\u00f3stol Santiago.<\/strong><\/p>\n<p><strong>El a\u00f1o que aguarda el trigo<\/strong><\/p>\n<p><strong>a segarse por Santiago,<span style=\"color: #800000; font-size: x-small;\"><img loading=\"lazy\" decoding=\"async\" src=\"http:\/\/www.calzadadevaldunciel.es\/web_anterior\/comun\/llamada.gif\" border=\"0\" alt=\"  Habitualmente (Mor\u00e1n, 1954), &quot;por la Carmela, el trigo pide su siega; por Santiago, el trigo segado&quot;. La Carmela es la Virgen del Carmen (16 de julio). Santiago es el 25 de julio.\" width=\"15\" height=\"16\" \/>(30)<\/span><\/strong><\/p>\n<p><strong>dale vino a los segadores<\/strong><\/p>\n<p><strong>y pon cadenas al carro.<span style=\"color: #800000; font-size: x-small;\"><img loading=\"lazy\" decoding=\"async\" src=\"http:\/\/www.calzadadevaldunciel.es\/web_anterior\/comun\/llamada.gif\" border=\"0\" alt=\"Porque es de prever mucha cosecha.\" width=\"15\" height=\"16\" \/>(31)<\/span><\/strong><\/p>\n<p><strong>En este tiempo al criado<\/strong><\/p>\n<p><strong>da a menudo con el jarro\u00a0<img loading=\"lazy\" decoding=\"async\" src=\"http:\/\/www.calzadadevaldunciel.es\/web_anterior\/comun\/llamada.gif\" border=\"0\" alt=\"Es decir, con el jarro de vino.\" width=\"15\" height=\"16\" \/><span style=\"color: #800000; font-size: x-small;\">(32)<\/span><\/strong><\/p>\n<p><strong>si cumple con la obligaci\u00f3n<\/strong><\/p>\n<p><strong>y mira por lo del amo.<\/strong><\/p>\n<p><strong>No eches grano en las paneras<\/strong><\/p>\n<p><strong>sin tapar las ratoneras,<\/strong><\/p>\n<p><strong>ni la paja en los pajares<\/strong><\/p>\n<p><strong>sin que quites las goteras.<\/strong><\/p>\n<p><strong>Ni en alto los muladares<\/strong><\/p>\n<p><strong>ni las eras en riberas.<span style=\"color: #800000; font-size: x-small;\"><img loading=\"lazy\" decoding=\"async\" src=\"http:\/\/www.calzadadevaldunciel.es\/web_anterior\/comun\/llamada.gif\" border=\"0\" alt=\"Esta parte de la relaci\u00f3n corresponde al mes de agosto.\" width=\"15\" height=\"16\" \/>(33)<\/span><\/strong><\/p>\n<p><strong>Siembra en agosto los nabos<\/strong><\/p>\n<p><strong>y por San Mart\u00edn los ajos.<span style=\"color: #800000; font-size: x-small;\"><img loading=\"lazy\" decoding=\"async\" src=\"http:\/\/www.calzadadevaldunciel.es\/web_anterior\/comun\/llamada.gif\" border=\"0\" alt=\"&quot;El buen ajil, por San Mart\u00edn&quot; y &quot;-ajo, \u00bfpor qu\u00e9 est\u00e1s ruin? \u2013porque no me sembraron por San Mart\u00edn&quot; (Mor\u00e1n, 1954).\" width=\"15\" height=\"16\" \/>(34)<\/span><\/strong><\/p>\n<p><strong>En septiembre el labrador<\/strong><\/p>\n<p><strong>se compra el sombrero nuevo,<\/strong><\/p>\n<p><strong>que si lo deja por mayo,<\/strong><\/p>\n<p><strong>cuando hace falta el sombrero,<\/strong><\/p>\n<p><strong>ni sombrero ni dinero.<\/strong><\/p>\n<p><strong>Apenas el labrador mete el grano,<\/strong><\/p>\n<p><strong>empieza a pagar la siega,<\/strong><\/p>\n<p><strong>la contribuci\u00f3n del tercio,<\/strong><\/p>\n<p><strong>le paga la renta al amo,<\/strong><\/p>\n<p><strong>las igualas de derecho.<\/strong><\/p>\n<p><strong>Mi tocayo el de Manceras\u00a0<span style=\"color: #800000; font-size: x-small;\"><img loading=\"lazy\" decoding=\"async\" src=\"http:\/\/www.calzadadevaldunciel.es\/web_anterior\/comun\/llamada.gif\" border=\"0\" alt=\"Esta parte de la retah\u00edla da muestras de pertenecer a un autor, quiz\u00e1s conocido, de la zona oriental de la provincia. \" width=\"15\" height=\"16\" \/>(35)<\/span><\/strong><\/p>\n<p><strong>dice con mucho salero<\/strong><\/p>\n<p><strong>que al concluir de sembrar<\/strong><\/p>\n<p><strong>muchos tienen tal acierto<\/strong><\/p>\n<p><strong>que les queda la panera<\/strong><\/p>\n<p><strong>como el teatro Liceo:<\/strong><\/p>\n<p><strong>pueden bailar los ratones<\/strong><\/p>\n<p><strong>porque no encuentran tropiezo<\/strong><\/p>\n<p><strong>con el grano que ha quedado;<\/strong><\/p>\n<p><strong>y tienen que irse pidiendo<\/strong><\/p>\n<p><strong>habitaci\u00f3n a otro lado<\/strong><\/p>\n<p><strong>si han de pasar el invierno.<\/strong><\/p>\n<p><strong>En octubre el labrador\u00a0<img loading=\"lazy\" decoding=\"async\" src=\"http:\/\/www.calzadadevaldunciel.es\/web_anterior\/comun\/llamada.gif\" border=\"0\" alt=\"Octubre es el mes de las sementeras. Correas (1627): &quot;en otubre, u\u00f1e tus bueies i kubre&quot; y &quot;en otubre, echa el pan i kubre&quot;.\" width=\"15\" height=\"16\" \/><span style=\"color: #800000; font-size: x-small;\">(36)<\/span><\/strong><\/p>\n<p><strong>vuelve a empezar sus faenas<\/strong><\/p>\n<p><strong>-no digo empezar de nuevo,<\/strong><\/p>\n<p><strong>porque en todo [el] a\u00f1o las deja-:<\/strong><\/p>\n<p><strong>vuelve a sembrar la semilla<\/strong><\/p>\n<p><em> <\/em><em><strong>pa<\/strong><\/em><strong> la pr\u00f3xima cosecha;<\/strong><\/p>\n<p><strong>que es lo que tiene este oficio:<\/strong><\/p>\n<p><strong>la tierra lo da y lo lleva.<\/strong><\/p>\n<p><strong>Es comparante al agosto<\/strong><\/p>\n<p><strong>el tiempo de sementera;<span style=\"color: #800000; font-size: x-small;\"><img loading=\"lazy\" decoding=\"async\" src=\"http:\/\/www.calzadadevaldunciel.es\/web_anterior\/comun\/llamada.gif\" border=\"0\" alt=\"Comparable por la intensidad de trabajos que supone al labrador el mes de la sementera.\" width=\"15\" height=\"16\" \/>(37)<\/span><\/strong><\/p>\n<p><strong>llegando el tiempo oportuno<\/strong><\/p>\n<p><strong>y resistan las parejas,<\/strong><\/p>\n<p><strong>un buen aij\u00f3n a la aijada<\/strong><\/p>\n<p><strong>y buena punta a la reja,<\/strong><\/p>\n<p><strong>bien calzadas las albarcas<\/strong><\/p>\n<p><strong>y el ganado a la tarea,<\/strong><\/p>\n<p><strong>que se encarga de [criarlo],<\/strong><\/p>\n<p><strong>y, si no, la Providencia.<\/strong><\/p>\n<p><strong>Ponga el hombre de su parte<\/strong><\/p>\n<p><strong>lo que sepa y lo que pueda.<\/strong><\/p>\n<p><strong>Noviembre de reneblinas,<\/strong><\/p>\n<p><strong>que en las tierras hay gavillas,<span style=\"color: #800000; font-size: x-small;\"><img loading=\"lazy\" decoding=\"async\" src=\"http:\/\/www.calzadadevaldunciel.es\/web_anterior\/comun\/llamada.gif\" border=\"0\" alt=\"  Parece referirse a las gavillas o montones de tallos y ra\u00edces de grama y gatu\u00f1a que se sacaban de las tierras por estas fechas. Se usaba para ello el azad\u00f3n hasta dejar limpio el terru\u00f1o. Pasados unos d\u00edas se quemaban los montones. A esta misma \u00e9poca parece llamar el refranero antiguo &quot;el verano de las gavillas&quot;: &quot;Venido el verano de las gavillas, k\u00edtanse galanes de las eskinas&quot;; su explicaci\u00f3n: &quot;por el invierno, kuando se haze la lunbre kon las gavillas en Kastilla, i kon el fr\u00edo no se pueden parar a los kantones&quot;.\" width=\"15\" height=\"16\" \/>(38)<\/span><\/strong><\/p>\n<p><strong>que tienen mejor nacencia<\/strong><\/p>\n<p><strong>las sementeras tard\u00edas.\u00a0<span style=\"color: #800000; font-size: x-small;\"><img loading=\"lazy\" decoding=\"async\" src=\"http:\/\/www.calzadadevaldunciel.es\/web_anterior\/comun\/llamada.gif\" border=\"0\" alt=\"Ya el refranero de Correas (1627) recomienda la sementera tard\u00eda, incluso cuando no se tiene de comer: &quot;novienbre i dezienbre, koma kien tuviere, i kien no tuviere, sienbre&quot;.\" width=\"15\" height=\"16\" \/>(39)<\/span><\/strong><\/p>\n<p><strong>En noviembre alza\u00a0<span style=\"color: #800000; font-size: x-small;\"><img loading=\"lazy\" decoding=\"async\" src=\"http:\/\/www.calzadadevaldunciel.es\/web_anterior\/comun\/llamada.gif\" border=\"0\" alt=\"Alzar es dar la primera vuelta de arado a las tierras en descanso anual. Aqu\u00ed se alude a la alzada de Adviento.\" width=\"15\" height=\"16\" \/>(38) <\/span>el rastrojo<\/strong><\/p>\n<p><strong>para los granos menudos,<\/strong><\/p>\n<p><strong>que la tierra que est\u00e1 alzada<\/strong><\/p>\n<p><strong>criar\u00e1 mejor los frutos;<\/strong><\/p>\n<p><strong>y alza si puedes temprano,<\/strong><\/p>\n<p><strong>aun con fr\u00edo haz un esfuerzo,<\/strong><\/p>\n<p><strong>que por San Andr\u00e9s la matanza<\/strong><\/p>\n<p><strong>la suele hacer el labriego<\/strong><\/p>\n<p><strong>con el botij\u00f3n al lado,<span style=\"color: #800000; font-size: x-small;\"><img loading=\"lazy\" decoding=\"async\" src=\"http:\/\/www.calzadadevaldunciel.es\/web_anterior\/comun\/llamada.gif\" border=\"0\" alt=\"San Andr\u00e9s es el 29 de noviembre. En Sayago (Panero, 2000; p. 204) y tambi\u00e9n en Palacios del Arzobispo, se recoge &quot;Por San Andr\u00e9s, el vino nuevo a\u00f1ejo es&quot;, porque los fr\u00edos ya lo han madurado. El botij\u00f3n es, indudablemente, de vino. Correas (1627): &quot;al xam\u00f3n de tozino, buen golpe de vino&quot;. Tambi\u00e9n se dice en Sayago &quot;vino a\u00f1ejo con jam\u00f3n, mucho mejor que turr\u00f3n&quot; (p. 64).\" width=\"15\" height=\"16\" \/>(41)<\/span><\/strong><\/p>\n<p><strong>el lomo y jam\u00f3n a\u00f1ejos.<\/strong><\/p>\n<p>&nbsp;<\/td>\n<\/tr>\n<\/tbody>\n<\/table>\n<\/div>\n<p>&nbsp;<\/p>\n<p><strong><span style=\"color: #800000;\">NOTAS:<\/span><\/strong><\/p>\n<p>&nbsp;<\/p>\n<ol>\n<li><span style=\"color: #800000; font-size: x-small;\">Comp\u00e1rese con \u00aba\u00f1o de hielos, a\u00f1o de muelos\u00bb en Mor\u00e1n (1954) y en Palacios del Arzobispo (p. 59). Se da a entender que las heladas auguran buena cosecha y por lo tanto copiosos muelos. En Sayago: \u00absi hiela en enero, en las eras muchos muelos\u00bb (Panero, 2000; p. 204).<\/span><\/li>\n<li><span style=\"color: #800000; font-size: x-small;\">En Palacios del Arzobispo, circula el refr\u00e1n: \u00abalzadita de enero hace al amo caballero, y si es antes, caballero con guantes\u00bb. El mismo refr\u00e1n en Mor\u00e1n (1954). Se supone que la alzada temprana, esto es, la primera vuelta de arado que se da a la tierra, es sumamente beneficiosa. En Andaluc\u00eda, \u00abel barbecho de enero hace a su amo caballero, y si antes, hasta con guantes\u00bb (Cobos, p. 28). Ya Correas (1627) recoge el dicho: \u00abAlzada, de enero \u00e1 de ser para ser buena\u00bb.<\/span><\/li>\n<li><span style=\"color: #800000; font-size: x-small;\">An\u00e1logo consejo se recoge en Asturias: \u00absi qui\u00e9s tener buen patatero, sema a menguante de la lluna de febreru\u00bb (Cobos, 1989, p. 106). La referencia al menguante es frecuente en los refranes antiguos (Correas, 1627): \u00abEn menguante de enero, korta tu madero\u00bb<\/span><\/li>\n<li><span style=\"color: #800000; font-size: x-small;\">25 de marzo.<\/span><\/li>\n<p>&nbsp;<\/p>\n<li><span style=\"color: #800000; font-size: x-small;\">\u00abD\u00eda de agua, d\u00eda de taberna o de fragua\u00bb: se dice en Sayago (Panero, 2000; p. 206).<\/span><\/li>\n<p>&nbsp;<\/p>\n<li><span style=\"color: #800000; font-size: x-small;\">Mochuelo.<\/span><\/li>\n<p>&nbsp;<\/p>\n<li><span style=\"color: #800000; font-size: x-small;\">Mor\u00e1n (1954) recoge el refr\u00e1n: \u00ablas aguas de febrero abastecen tu granero\u00bb. En Galicia \u00abse non chove en Febreiro, nin bo prado nin bo centeo\u00bb (Cobos, p. 191). Igual en Monleras: \u00absi no llueve en febrero, ni hay buen prao ni buen centeno\u00bb (Solano, 1989, p. 241); tambi\u00e9n en Sayago (Solano, 2000; p. 204). En Portugal: \u00abQuando n\u00e3o chove em Fevereiro, nem bom prado nem bom lameiro, nem bom corno no carneiro\u00bb. Correas (1627): \u00abKuando no llueve en hebrero, ni ai buen prado ni buen zenteno\u00bb.<\/span><\/li>\n<p>&nbsp;<\/p>\n<li><span style=\"color: #800000; font-size: x-small;\">S\u00e1nchez Le\u00f3n (1995) describe\u00a0<em>preso<\/em> como \u2018de \u00e1ngulo cerrado, agudo\u2019: un zacho est\u00e1\u00a0<em>preso<\/em> cuando su mango forma un \u00e1ngulo m\u00e1s cerrado que el habitual.<\/span><\/li>\n<p>&nbsp;<\/p>\n<li><em><span style=\"color: #800000; font-size: x-small;\">Orejero<\/span><\/em><span style=\"color: #800000; font-size: x-small;\">: \u00abcada uno de los dos palos, de secci\u00f3n circular y ligeramente curvados, que lleva el arado romano para abrir el surco y voltear la tierra a ambos lados de la reja\u00bb. Es decir, la aricada, cuya funci\u00f3n es arrimar tierra a los\u00a0<em>cerros<\/em>, donde est\u00e1 creciendo el tallo de los cereales sembrados, as\u00ed como retirar hierbas crecidas en los\u00a0<em>valles<\/em>, debe mover poco la tierra para no da\u00f1ar la futura cosecha.<\/span><\/li>\n<p>&nbsp;<\/p>\n<li><span style=\"color: #800000; font-size: x-small;\">Parece referirse al pescu\u00f1o del arado. En Toro se llama\u00a0<em>trobejo<\/em> a dicha pieza.<\/span><\/li>\n<p>&nbsp;<\/p>\n<li><span style=\"color: #800000; font-size: x-small;\">Es decir, que estimule mucho a los bueyes para que aren despacio y profundo.<\/span><\/li>\n<p>&nbsp;<\/p>\n<li><span style=\"color: #800000; font-size: x-small;\">De la referencia a Quejigal (en la Armu\u00f1a Chica, junto a Tabera y Roll\u00e1n) parece inferirse que el autor de estos consejos era de la zona.<\/span><\/li>\n<p>&nbsp;<\/p>\n<li><span style=\"color: #800000; font-size: x-small;\">Machorras son las ovejas no destinadas a criar corderos.<\/span><\/li>\n<p>&nbsp;<\/p>\n<li><span style=\"color: #800000; font-size: x-small;\">\u00abAbril i maio , la llave de todo el a\u00f1o\u00bb (Correas, 1627); aunque se replicaba: \u00abEnero haze el pekado, i maio es el kulpado\u00bb.<\/span><\/li>\n<li><span style=\"color: #800000; font-size: x-small;\">Es decir, en mayo ya se deja adivinar c\u00f3mo de buena vaya a ser la cosecha.<\/span><\/li>\n<p>&nbsp;<\/p>\n<li><span style=\"color: #800000; font-size: x-small;\">\u00abMarzo quita las polillas de las sayas y mantillas. Mira qu\u00e9 bueno ser\u00e1 cuando mata las bichillas\u00bb es refr\u00e1n en Sayago (Panero, 2000; p. 207). Da a entender que es un mes sano y que cura a la gente y a la tierra.<\/span><\/li>\n<p>&nbsp;<\/p>\n<li><span style=\"color: #800000; font-size: x-small;\">\u00abMarzo quita las polillas de las sayas y mantillas. Mira qu\u00e9 bueno ser\u00e1 cuando mata las bichillas\u00bb es refr\u00e1n en Sayago (Panero, 2000; p. 207). Da a entender que es un mes sano y que cura a la gente y a la tierra.<\/span><\/li>\n<li><span style=\"color: #800000; font-size: x-small;\">En Sayago se recoge: \u00absi en marzo pone el trigo las calzas coloradas, los labradores, albarcas, porque la cosecha es corta y a hacer zapatos no alcanza\u00bb (Panero, 2000; p. 204). Se refiere a una pelleja rojiza que le sale a las ca\u00f1as del trigo en los a\u00f1os de mala cosecha.<\/span><\/li>\n<p>&nbsp;<\/p>\n<li><span style=\"color: #800000; font-size: x-small;\">Jornaleros o temporeros.<\/span><\/li>\n<p>&nbsp;<\/p>\n<li><em><span style=\"color: #800000; font-size: x-small;\">Sereno<\/span><\/em> <span style=\"color: #800000; font-size: x-small;\">es tiempo despejado.<\/span><\/li>\n<p>&nbsp;<\/p>\n<li><span style=\"color: #800000; font-size: x-small;\">25 de abril. \u00abPor San Marcos, el garbanzal, ni nacido ni por sembrar\u00bb.<\/span><\/li>\n<p>&nbsp;<\/p>\n<li><span style=\"color: #800000; font-size: x-small;\">San Mateo es el 21 de septiembre. Se ha interpolado \u00abPascua\u00bb, en un punto donde no qued\u00f3 clara la retahila.<\/span><\/li>\n<p>&nbsp;<\/p>\n<li><span style=\"color: #800000; font-size: x-small;\">12 de noviembre.<\/span><\/li>\n<li><span style=\"color: #800000; font-size: x-small;\">Y por lo tanto tiene fuerza para tirar del arado. En mayo hay abundante pasto.<\/span><\/li>\n<p>&nbsp;<\/p>\n<li><span style=\"color: #800000; font-size: x-small;\">\u00abEl que en mayo escarda, hace parva\u00bb (Mor\u00e1n, 1954). La escarda se hac\u00eda a mano y era tarea habitualmente encomendada a mujeres.<\/span><\/li>\n<p>&nbsp;<\/p>\n<li><em><span style=\"color: #800000; font-size: x-small;\">Motilar<\/span><\/em> <span style=\"color: #800000; font-size: x-small;\">es \u2018esquilar\u2019.<\/span><\/li>\n<p>&nbsp;<\/p>\n<li><span style=\"color: #800000; font-size: x-small;\">Es decir, en peligro de que la tormenta mate las ovejas y que del ganado lo \u00fanico que le quede al pastor sean las pieles. V\u00e9ase el refr\u00e1n portugu\u00e9s: \u00abse Mar\u00e7o d\u00e1 de rabo, nem fica ovelha parida nem pastor a\u00e7amarrado\u00bb. Esta historieta meteorol\u00f3gica es antigua, y ya Correas (1627) la cita en varias versiones: \u00abSi marzo buelve de rrabo, ni kedar\u00e1 ovexa, ni pastor enzamarrado\u00bb; o \u00absi marzo buelve de rrabo, no dexa kordero enalmagrado, ni pastor enzamarrado, ni karnero enzenzerrado\u00bb; o \u00abAll\u00e1 vaias, hebrero el korto, kon tus d\u00edas veinte i ocho; mal as burlado mi ganado, ke llevaste lo de oga\u00f1o. -All\u00e1 keda mi ermano marzo, ke si buelve de rrabo, no dexa kordero enalmagrado\u00bb. Tambi\u00e9n lo aplica a abril: \u00abAll\u00e1 vaias, marzo marzocho; ak\u00e1 me kedo io kon mis bezerros todos ocho. -Kall\u00e1, de una viexa falsa rruin, ke all\u00e1 viene mi ermano abril, ke kon los kueros a la feria os har\u00e1 ir\u00bb.<\/span><\/li>\n<p>&nbsp;<\/p>\n<li><span style=\"color: #800000; font-size: x-small;\">An\u00e1logamente, \u00ablas aguas de San Juan quitan vino y no dan pan\u00bb (Palacios del Arzobispo, p. 56, y Mor\u00e1n, 1954); en Bemposta (Miranda de Douro, Portugal), \u00aba chuva de S. Jo\u00e3o bebe o vinho e come o p\u00e3o\u00bb. En Correas (1627): \u00abAgua de por San Xuan, kita vino i no da pan; por agosto, ni pan ni mosto\u00bb.<\/span><\/li>\n<p>&nbsp;<\/p>\n<li><span style=\"color: #800000; font-size: x-small;\">29 de junio. Se tratar\u00eda por lo tanto de una siega prematura, pues lo normal es segar el trigo hacia mediados de julio.<\/span><\/li>\n<p>&nbsp;<\/p>\n<li><span style=\"color: #800000; font-size: x-small;\">Habitualmente (Mor\u00e1n, 1954), \u00abpor la Carmela, el trigo pide su siega; por Santiago, el trigo segado\u00bb.\u00a0<em>La Carmela<\/em> es la Virgen del Carmen (16 de julio). Santiago es el 25 de julio.<\/span><\/li>\n<p>&nbsp;<\/p>\n<li><span style=\"color: #800000; font-size: x-small;\">Porque es de prever mucha cosecha.<\/span><\/li>\n<p>&nbsp;<\/p>\n<li><span style=\"color: #800000; font-size: x-small;\">Es decir, con el jarro de vino.<\/span><\/li>\n<p>&nbsp;<\/p>\n<li><span style=\"color: #800000; font-size: x-small;\">Esta parte de la relaci\u00f3n corresponde al mes de agosto.<\/span><\/li>\n<p>&nbsp;<\/p>\n<li><span style=\"color: #800000; font-size: x-small;\">\u00abEl buen ajil, por San Mart\u00edn\u00bb y \u00ab-ajo, \u00bfpor qu\u00e9 est\u00e1s ruin? \u2013porque no me sembraron por San Mart\u00edn\u00bb (Mor\u00e1n, 1954).<\/span><\/li>\n<p>&nbsp;<\/p>\n<li><span style=\"color: #800000; font-size: x-small;\">Esta parte de la retah\u00edla da muestras de pertenecer a un autor, quiz\u00e1s conocido, de la zona oriental de la provincia.<\/span><\/li>\n<li><span style=\"color: #800000; font-size: x-small;\">Octubre es el mes de las sementeras. Correas (1627): \u00aben otubre, u\u00f1e tus bueies i kubre\u00bb y \u00aben otubre, echa el pan i kubre\u00bb.<\/span><\/li>\n<p>&nbsp;<\/p>\n<li><span style=\"color: #800000; font-size: x-small;\">Comparable por la intensidad de trabajos que supone al labrador el mes de la sementera.<\/span><\/li>\n<p>&nbsp;<\/p>\n<li><span style=\"color: #800000; font-size: x-small;\">Parece referirse a las gavillas o montones de tallos y ra\u00edces de grama y gatu\u00f1a que se sacaban de las tierras por estas fechas. Se usaba para ello el azad\u00f3n hasta dejar limpio el terru\u00f1o. Pasados unos d\u00edas se quemaban los montones. A esta misma \u00e9poca parece llamar el refranero antiguo \u00abel verano de las gavillas\u00bb: \u00abVenido el verano de las gavillas, k\u00edtanse galanes de las eskinas\u00bb; su explicaci\u00f3n: \u00abpor el invierno, kuando se haze la lunbre kon las gavillas en Kastilla, i kon el fr\u00edo no se pueden parar a los kantones\u00bb.<\/span><\/li>\n<li><span style=\"color: #800000; font-size: x-small;\">Ya el refranero de Correas (1627) recomienda la sementera tard\u00eda, incluso cuando no se tiene de comer: \u00abnovienbre i dezienbre, koma kien tuviere, i kien no tuviere, sienbre\u00bb.<\/span><\/li>\n<li><span style=\"color: #800000; font-size: x-small;\">Alzar es dar la primera vuelta de arado a las tierras en descanso anual. Aqu\u00ed se alude a la alzada de Adviento.<\/span><\/li>\n<p>&nbsp;<\/p>\n<li><span style=\"color: #800000; font-size: x-small;\">San Andr\u00e9s es el 29 de noviembre. En Sayago (Panero, 2000; p. 204) y tambi\u00e9n en Palacios del Arzobispo, se recoge \u00abPor San Andr\u00e9s, el vino nuevo a\u00f1ejo es\u00bb, porque los fr\u00edos ya lo han madurado. El\u00a0<em>botij\u00f3n<\/em> es, indudablemente, de vino. Correas (1627): \u00abal xam\u00f3n de tozino, buen golpe de vino\u00bb. Tambi\u00e9n se dice en Sayago \u00abvino a\u00f1ejo con jam\u00f3n, mucho mejor que turr\u00f3n\u00bb .<\/span><\/li>\n<p>&nbsp;<\/ol>\n<p>&nbsp;<\/p>\n<p>Pascual RIESCO CHUECA (2003)\u00a0<em>Calzada de Valdunciel. Palabras, cosas y memorias de un pueblo de Salamanca<\/em>, 346 p\u00e1ginas. 24 x 17 cm. R\u00fastica. ISBN: 84-7797-209-5, ediciones Diputaci\u00f3n de Salamanca.<\/p>\n","protected":false},"excerpt":{"rendered":"<p>Probablemente, esta retah\u00edla tiene su origen, remoto o cercano en las cartillas de pedagog\u00eda agr\u00edcola, que se popularizaron a finales del s. XIX. El inter\u00e9s por reproducir aqu\u00ed el texto es m\u00faltiple: por un lado, las cartillas se basaban en &hellip; <a href=\"http:\/\/xn--mozodieldesanchiigo-b4b.es\/?page_id=307\">Sigue leyendo <span class=\"meta-nav\">&rarr;<\/span><\/a><\/p>\n","protected":false},"author":1,"featured_media":0,"parent":300,"menu_order":0,"comment_status":"open","ping_status":"open","template":"","meta":{"footnotes":""},"class_list":["post-307","page","type-page","status-publish","hentry"],"_links":{"self":[{"href":"http:\/\/xn--mozodieldesanchiigo-b4b.es\/index.php?rest_route=\/wp\/v2\/pages\/307","targetHints":{"allow":["GET"]}}],"collection":[{"href":"http:\/\/xn--mozodieldesanchiigo-b4b.es\/index.php?rest_route=\/wp\/v2\/pages"}],"about":[{"href":"http:\/\/xn--mozodieldesanchiigo-b4b.es\/index.php?rest_route=\/wp\/v2\/types\/page"}],"author":[{"embeddable":true,"href":"http:\/\/xn--mozodieldesanchiigo-b4b.es\/index.php?rest_route=\/wp\/v2\/users\/1"}],"replies":[{"embeddable":true,"href":"http:\/\/xn--mozodieldesanchiigo-b4b.es\/index.php?rest_route=%2Fwp%2Fv2%2Fcomments&post=307"}],"version-history":[{"count":3,"href":"http:\/\/xn--mozodieldesanchiigo-b4b.es\/index.php?rest_route=\/wp\/v2\/pages\/307\/revisions"}],"predecessor-version":[{"id":309,"href":"http:\/\/xn--mozodieldesanchiigo-b4b.es\/index.php?rest_route=\/wp\/v2\/pages\/307\/revisions\/309"}],"up":[{"embeddable":true,"href":"http:\/\/xn--mozodieldesanchiigo-b4b.es\/index.php?rest_route=\/wp\/v2\/pages\/300"}],"wp:attachment":[{"href":"http:\/\/xn--mozodieldesanchiigo-b4b.es\/index.php?rest_route=%2Fwp%2Fv2%2Fmedia&parent=307"}],"curies":[{"name":"wp","href":"https:\/\/api.w.org\/{rel}","templated":true}]}}