{"id":310,"date":"2011-11-02T20:06:42","date_gmt":"2011-11-02T18:06:42","guid":{"rendered":"http:\/\/xn--mozodieldesanchiigo-b4b.es\/?page_id=310"},"modified":"2011-11-03T21:59:09","modified_gmt":"2011-11-03T19:59:09","slug":"consejos-a-los-agricultores","status":"publish","type":"page","link":"http:\/\/xn--mozodieldesanchiigo-b4b.es\/?page_id=310","title":{"rendered":"CONSEJOS A LOS AGRICULTORES"},"content":{"rendered":"<p><span style=\"color: #ac4a02; font-family: Verdana; font-size: large;\">Consejos del T\u00edo Clamores<\/span><\/p>\n<p><span style=\"color: #ac4a02; font-family: Verdana; font-size: large;\">a los labradores<\/span><\/p>\n<p>&nbsp;<\/p>\n<table border=\"1\" cellpadding=\"9\" width=\"95%\" bordercolor=\"#0F7ACA\">\n<tbody>\n<tr>\n<td><span style=\"font-family: Verdana;\">La transcripci\u00f3n procede de fundir dos versiones que copi\u00f3 (\u00bfde memoria?) la se\u00f1ora Carmen Riesco Riesco, que en paz descanse. Una versi\u00f3n est\u00e1 en manos de su nieta Carmen, la otra fue facilitada generosamente a PRCh por la propia se\u00f1ora, que gozaba de prodigiosa memoria.<\/span>&nbsp;<\/p>\n<p><span style=\"font-family: Verdana;\">Quiz\u00e1s el autor de los consejos del t\u00edo Clamores sea Juan Francisco Garc\u00eda, de Roll\u00e1n: ve\u00e1se\u00a0<em>Centro de Estudios Salmantinos, Hoja Folkl\u00f3rica<\/em>,\u00a0<strong>69<\/strong>. Dado que aparece citada la Reina (la regente Mar\u00eda Cristina de Habsburgo-Lorena), la composici\u00f3n ha de ser anterior a 1902, fecha en que accedi\u00f3 al trono Alfonso XIII.<\/span><\/td>\n<\/tr>\n<\/tbody>\n<\/table>\n<table border=\"1\" width=\"560\" background=\"http:\/\/www.calzadadevaldunciel.es\/web_anterior\/comun\/pergamin.jpg\">\n<tbody>\n<tr>\n<td width=\"616\"><span style=\"font-family: Verdana;\"> <\/span>&nbsp;<\/p>\n<p><span style=\"font-family: Verdana;\">De esta villa de Roll\u00e1n y dem\u00e1s pueblos cercanos,<\/span><\/p>\n<p><span style=\"font-family: Verdana;\">como son de Porqueriza, de Garcigrande y de Sagos,<\/span><\/p>\n<p><span style=\"font-family: Verdana;\">de Cojos y de Golpejas y de Canillas de Abajo,<\/span><\/p>\n<p><span style=\"font-family: Verdana;\">Las Navas y Quejigal, de Calzada y del Tejado,<\/span><\/p>\n<p><span style=\"font-family: Verdana;\">de Pozos y Barbadillo, de Galindo y Pericalvo,<\/span><\/p>\n<p><span style=\"font-family: Verdana;\">de Villar de Peralonso, de Villarmayor y Sando&#8230;<img loading=\"lazy\" decoding=\"async\" src=\"http:\/\/www.calzadadevaldunciel.es\/web_anterior\/comun\/llamada.gif\" border=\"0\" alt=\"Pueblos y alquer\u00edas en su mayor\u00eda pertenecientes a la llamada Armu\u00f1a Chica.\" width=\"15\" height=\"16\" \/><\/span><\/p>\n<p><span style=\"font-family: Verdana;\">pero no crean ustedes que yo soy un hombre sabio<\/span><\/p>\n<p><span style=\"font-family: Verdana;\">cual Calder\u00f3n o Quevedo u otros escritores varios<\/span><\/p>\n<p><span style=\"font-family: Verdana;\">-que las historias nos hablan de sus talentos preclaros-:<\/span><\/p>\n<p><span style=\"font-family: Verdana;\">soy hijo de labrador, y la experiencia he tomado<\/span><\/p>\n<p><span style=\"font-family: Verdana;\">porque desde peque\u00f1ito sal\u00ed con mi padre al campo<\/span><\/p>\n<p><span style=\"font-family: Verdana;\">donde me daba instrucciones de lo que era bueno y malo<\/span><\/p>\n<p><span style=\"font-family: Verdana;\">y yo tengo buen quinqu\u00e9 y comprendo los sembrados<\/span><\/p>\n<p><span style=\"font-family: Verdana;\">desde el d\u00eda en que ellos nacen hasta que van a segarlos<\/span><\/p>\n<p><span style=\"font-family: Verdana;\">y aun siendo un poco despu\u00e9s [a\u00fan] cuando est\u00e9n ya limpiados,<\/span><\/p>\n<p><span style=\"font-family: Verdana;\">como luego lo dir\u00e9 en uno de mis adagios.<\/span><\/p>\n<p><span style=\"font-family: Verdana;\">La agricultura, se\u00f1ores, se encuentra en tan mal estado<\/span><\/p>\n<p><span style=\"font-family: Verdana;\">que hoy d\u00eda los labradores se hallan ya tan agobiados<\/span><\/p>\n<p><span style=\"font-family: Verdana;\">que aqu\u00e9l que hace de patatas la provisi\u00f3n para el a\u00f1o<\/span><\/p>\n<p><span style=\"font-family: Verdana;\">ya no se llamar\u00e1 rico, que se cuenta millonario.<\/span><\/p>\n<p><span style=\"font-family: Verdana;\">La agricultura est\u00e1 enferma; tiene dos enfermedades:<\/span><\/p>\n<p><span style=\"font-family: Verdana;\">las rentas son muy crecidas, las contribuciones grandes.<\/span><\/p>\n<p><span style=\"font-family: Verdana;\">mas estas enfermedades ambas se pueden curar:<\/span><\/p>\n<p><span style=\"font-family: Verdana;\">con rebajar las dos cosas, el labrador vivir\u00e1.<\/span><\/p>\n<p><span style=\"font-family: Verdana;\">Propietarios de las\u00a0<em>desas<\/em> y yugadas del lugar:<\/span><\/p>\n<p><span style=\"font-family: Verdana;\">como no baj\u00e9is las rentas, las tierras podr\u00e9is labrar,<\/span><\/p>\n<p><span style=\"font-family: Verdana;\">pues habr\u00e1 muchos colonos que, aunque quieran, no podr\u00e1n,<\/span><\/p>\n<p><span style=\"font-family: Verdana;\">que la cosa est\u00e1 mediana \u2013 no digo mediana, mal,<\/span><\/p>\n<p><span style=\"font-family: Verdana;\">la tierra produce poco, la causa no hay que dudarlo,<\/span><\/p>\n<p><span style=\"font-family: Verdana;\">pues agobiado el colono con tan escasos pagos,<\/span><\/p>\n<p><span style=\"font-family: Verdana;\">le es imposible abonarla aquello que es necesario.<\/span><\/p>\n<p><span style=\"font-family: Verdana;\">Si el abono y mineral dieran buenos resultados,<\/span><\/p>\n<p><span style=\"font-family: Verdana;\">puede ser que el labrador se aliviara en alg\u00fan tanto.<img loading=\"lazy\" decoding=\"async\" src=\"http:\/\/www.calzadadevaldunciel.es\/web_anterior\/comun\/llamada.gif\" border=\"0\" alt=\"Los versos que siguen hacen referencia a la introducci\u00f3n de los abonos minerales en la agricultura de secano. En La Armu\u00f1a, los abonos minerales llegan entre 1900 y 1910 (Cabo Alonso, 1955).\" width=\"15\" height=\"16\" \/><\/span><\/p>\n<p><span style=\"font-family: Verdana;\">Y me parece que s\u00ed, sobre todo con el de Haro<\/span><\/p>\n<p><span style=\"font-family: Verdana;\">de Franc\u00e9s y compa\u00f1\u00eda \u2013porque es el que he experimentado-.<\/span><\/p>\n<p><span style=\"font-family: Verdana;\">Fue echado en una tierra en la que ya hab\u00eda de carro:\u00a0<img loading=\"lazy\" decoding=\"async\" src=\"http:\/\/www.calzadadevaldunciel.es\/web_anterior\/comun\/llamada.gif\" border=\"0\" alt=\"Es decir, esti\u00e9rcol tradicional, producido en los corrales, boyiles y cuadras, y madurado luego en los muladares.\" width=\"15\" height=\"16\" \/><\/span><\/p>\n<p><span style=\"font-family: Verdana;\">siendo esti\u00e9rcol regular, el mineral lo ha igualado.<\/span><\/p>\n<p><em> <\/em><em><span style=\"font-family: Verdana;\">Azvierto <\/span><\/em><span style=\"font-family: Verdana;\">a los fabricantes de que el precio es algo caro:<\/span><\/p>\n<p><span style=\"font-family: Verdana;\">para abonar una huebra se necesitan tres sacos,<\/span><\/p>\n<p><span style=\"font-family: Verdana;\">por lo menos, dos y medio, y si no, queda muy ralo<\/span><\/p>\n<p><span style=\"font-family: Verdana;\">-no sirve enga\u00f1ar la tierra, que el enga\u00f1ado es el amo-,<\/span><\/p>\n<p><span style=\"font-family: Verdana;\">esto cuesta ochenta reales a treinta y dos reales saco,<\/span><\/p>\n<p><span style=\"font-family: Verdana;\">pues con los ochenta reales hay para comprar tres carros<\/span><\/p>\n<p><span style=\"font-family: Verdana;\">de esti\u00e9rcol, que ya sabemos que abona para m\u00e1s a\u00f1os,<\/span><\/p>\n<p><span style=\"font-family: Verdana;\">y el mineral no nos\u00a0<em>costa<\/em> si ser\u00e1 para uno o para varios.<\/span><\/p>\n<p><span style=\"font-family: Verdana;\">Pues como no lo sabemos, casi lo desconfiamos:<\/span><\/p>\n<p><span style=\"font-family: Verdana;\">su precio deber\u00eda ser a treinta reales saco<\/span><\/p>\n<p><span style=\"font-family: Verdana;\">porque \u00e9stos son muy peque\u00f1os y yo mismo los he sembrado<\/span><\/p>\n<p><span style=\"font-family: Verdana;\">y si se descuida uno y carga un poco la mano,<\/span><\/p>\n<p><span style=\"font-family: Verdana;\">en muy poquito terreno, treinta y dos reales tirados;<\/span><\/p>\n<p><span style=\"font-family: Verdana;\">&#8230; sin inter\u00e9s ni pasi\u00f3n, porque bajo mi conciencia<\/span><\/p>\n<p><span style=\"font-family: Verdana;\">no dejo de conocer que hacen producir la tierra<\/span><\/p>\n<p><span style=\"font-family: Verdana;\">tanto el mineral de Arteche, de Franc\u00e9s y Fuentepiedra,<\/span><\/p>\n<p><span style=\"font-family: Verdana;\">pero que se le eche poco, porque \u00e9ste muy caro cuesta.<\/span><\/p>\n<p><span style=\"font-family: Verdana;\">Con poco que brilla el viento el d\u00eda que se hace la siembra,<\/span><\/p>\n<p><span style=\"font-family: Verdana;\">con tender s\u00f3lo la vista, se conocen las emelgas:<\/span><\/p>\n<p><span style=\"font-family: Verdana;\">y no es la emelga del grano, es la emelga de la esencia,<\/span><\/p>\n<p><span style=\"font-family: Verdana;\">porque como no est\u00e1 unida, se aparta \u00e9sta de la mezcla.<img loading=\"lazy\" decoding=\"async\" src=\"http:\/\/www.calzadadevaldunciel.es\/web_anterior\/comun\/llamada.gif\" border=\"0\" alt=\"A diferencia del esti\u00e9rcol o abono org\u00e1nico, que arropaba el grano.\" width=\"15\" height=\"16\" \/><\/span><\/p>\n<p><span style=\"font-family: Verdana;\">Pues siquiera as\u00ed fuera el conseguir el\u00a0<em>rebajo<\/em> del cuatro<\/span><\/p>\n<p><span style=\"font-family: Verdana;\">por ciento en todo, otra cosa ser\u00eda ya,<\/span><\/p>\n<p><span style=\"font-family: Verdana;\">pues me hacen doce tres cuartos<\/span><\/p>\n<p><span style=\"font-family: Verdana;\">y poco a poco se ir\u00eda reconociendo el <\/span><em><span style=\"font-family: Verdana;\">rebajo<\/span><\/em><\/p>\n<p><em> <\/em><span style=\"font-family: Verdana;\">y nuestro Estado ser\u00eda de otros reinos envidiado.<\/span><\/p>\n<p><span style=\"font-family: Verdana;\">Nosotros cogemos trigo, para el pa\u00eds necesario,<\/span><\/p>\n<p><span style=\"font-family: Verdana;\">garbanzos, carne, tocino y toda clase de granos,<\/span><\/p>\n<p><span style=\"font-family: Verdana;\">vino, aguardiente, vinagre, aceites y dem\u00e1s caldos,<\/span><\/p>\n<p><span style=\"font-family: Verdana;\">Se\u00f1or Ministro de Hacienda, tenga Vuecencia cuidado<\/span><\/p>\n<p><span style=\"font-family: Verdana;\">de mirar la agricultura, el primero de los ramos:<\/span><\/p>\n<p><span style=\"font-family: Verdana;\">perdida la agricultura, perdido el g\u00e9nero humano,<\/span><\/p>\n<p><span style=\"font-family: Verdana;\">de ella pende el industrial, el comercio y el ciudadano,<\/span><\/p>\n<p><span style=\"font-family: Verdana;\">desde la clase m\u00e1s alta hasta el m\u00e1s m\u00ednimo estado;<\/span><\/p>\n<p><span style=\"font-family: Verdana;\">pues si el labrador se encuentra un poquito desahogado,<\/span><\/p>\n<p><span style=\"font-family: Verdana;\">todo el a\u00f1o proporciona al jornalero trabajo,<\/span><\/p>\n<p><span style=\"font-family: Verdana;\">como no lo puede hacer cuando se encuentra apurado;<\/span><\/p>\n<p><span style=\"font-family: Verdana;\">no quiere m\u00e1s que entender cu\u00e1ndo le llegan sus pagos,<\/span><\/p>\n<p><span style=\"font-family: Verdana;\">y m\u00e1s si viene Juanito, el recaudador, tocando,<\/span><\/p>\n<p><span style=\"font-family: Verdana;\">que al poner suelto el reloj deja el pueblo atormentado;<\/span><\/p>\n<p><span style=\"font-family: Verdana;\">y el pregonero, el preg\u00f3n, por si alguno se ha olvidado<\/span><\/p>\n<p><span style=\"font-family: Verdana;\">de acudir al consistorio a depositar los cuartos<\/span><\/p>\n<p><span style=\"font-family: Verdana;\">-esto es por Territorial; por los consumos, Gonzalo,<\/span><\/p>\n<p><span style=\"font-family: Verdana;\">pues como se hace en mi pueblo creo ser\u00e1 en todos los lados-.<\/span><\/p>\n<p><span style=\"font-family: Verdana;\">Conque, amigos labradores, concluir\u00e9 aqu\u00ed mi relato,<\/span><\/p>\n<p><span style=\"font-family: Verdana;\">pues seg\u00fan yo lo he pedido quiera Dios lo conozcamos;<\/span><\/p>\n<p><span style=\"font-family: Verdana;\">y al Gobierno, cuya vida Dios le guarde muchos a\u00f1os:<\/span><\/p>\n<p><span style=\"font-family: Verdana;\">pongan un t\u00e9rmino medio para que todos vivamos,<\/span><\/p>\n<p><span style=\"font-family: Verdana;\">pero no pagas tan largas que arruinan a la naci\u00f3n para ver de soportarlas,<\/span><\/p>\n<p><span style=\"font-family: Verdana;\">pues la mayor parte viene al Territorial cargadas<\/span><\/p>\n<p><span style=\"font-family: Verdana;\">y el pobre del labrador, sea en bueno o sea en mal a\u00f1o,<\/span><\/p>\n<p><span style=\"font-family: Verdana;\">a esto no puede faltar y, si no, viene el embargo.<\/span><\/p>\n<p><span style=\"font-family: Verdana;\">Que yo no puedo hacer m\u00e1s: otro podr\u00e1 hablar m\u00e1s alto,<\/span><\/p>\n<p><span style=\"font-family: Verdana;\">pero m\u00e1s claro, ninguno, seg\u00fan mis alcances bajos.<\/span><\/p>\n<p><span style=\"font-family: Verdana;\">Mis s\u00faplicas sean o\u00eddas ante el trono poderoso<\/span><\/p>\n<p><span style=\"font-family: Verdana;\">de su\u00a0<em>Majestaz<\/em> la Reina y de su hijo Don Alfonso,<\/span><\/p>\n<p><span style=\"font-family: Verdana;\">y ahora perdonad mis yerros, que no soy ning\u00fan letrado,<\/span><\/p>\n<p><span style=\"font-family: Verdana;\">defiendo la agricultura porque en ella me he criado.<\/span><\/td>\n<\/tr>\n<\/tbody>\n<\/table>\n<p>Pascual RIESCO CHUECA (2003)\u00a0<em>Calzada de Valdunciel. Palabras, cosas y memorias de un pueblo de Salamanca<\/em>, 346 p\u00e1ginas. 24 x 17 cm. R\u00fastica. ISBN: 84-7797-209-5, ediciones Diputaci\u00f3n de Salamanca.<\/p>\n","protected":false},"excerpt":{"rendered":"<p>Consejos del T\u00edo Clamores a los labradores &nbsp; La transcripci\u00f3n procede de fundir dos versiones que copi\u00f3 (\u00bfde memoria?) la se\u00f1ora Carmen Riesco Riesco, que en paz descanse. Una versi\u00f3n est\u00e1 en manos de su nieta Carmen, la otra fue &hellip; <a href=\"http:\/\/xn--mozodieldesanchiigo-b4b.es\/?page_id=310\">Sigue leyendo <span class=\"meta-nav\">&rarr;<\/span><\/a><\/p>\n","protected":false},"author":1,"featured_media":0,"parent":300,"menu_order":0,"comment_status":"open","ping_status":"open","template":"","meta":{"footnotes":""},"class_list":["post-310","page","type-page","status-publish","hentry"],"_links":{"self":[{"href":"http:\/\/xn--mozodieldesanchiigo-b4b.es\/index.php?rest_route=\/wp\/v2\/pages\/310","targetHints":{"allow":["GET"]}}],"collection":[{"href":"http:\/\/xn--mozodieldesanchiigo-b4b.es\/index.php?rest_route=\/wp\/v2\/pages"}],"about":[{"href":"http:\/\/xn--mozodieldesanchiigo-b4b.es\/index.php?rest_route=\/wp\/v2\/types\/page"}],"author":[{"embeddable":true,"href":"http:\/\/xn--mozodieldesanchiigo-b4b.es\/index.php?rest_route=\/wp\/v2\/users\/1"}],"replies":[{"embeddable":true,"href":"http:\/\/xn--mozodieldesanchiigo-b4b.es\/index.php?rest_route=%2Fwp%2Fv2%2Fcomments&post=310"}],"version-history":[{"count":3,"href":"http:\/\/xn--mozodieldesanchiigo-b4b.es\/index.php?rest_route=\/wp\/v2\/pages\/310\/revisions"}],"predecessor-version":[{"id":332,"href":"http:\/\/xn--mozodieldesanchiigo-b4b.es\/index.php?rest_route=\/wp\/v2\/pages\/310\/revisions\/332"}],"up":[{"embeddable":true,"href":"http:\/\/xn--mozodieldesanchiigo-b4b.es\/index.php?rest_route=\/wp\/v2\/pages\/300"}],"wp:attachment":[{"href":"http:\/\/xn--mozodieldesanchiigo-b4b.es\/index.php?rest_route=%2Fwp%2Fv2%2Fmedia&parent=310"}],"curies":[{"name":"wp","href":"https:\/\/api.w.org\/{rel}","templated":true}]}}