{"id":588,"date":"2012-02-21T14:54:41","date_gmt":"2012-02-21T12:54:41","guid":{"rendered":"http:\/\/xn--mozodieldesanchiigo-b4b.es\/?page_id=588"},"modified":"2013-11-18T10:42:47","modified_gmt":"2013-11-18T08:42:47","slug":"noticias","status":"publish","type":"page","link":"http:\/\/xn--mozodieldesanchiigo-b4b.es\/?page_id=588","title":{"rendered":"Noticias"},"content":{"rendered":"<p>Aqu\u00ed\u00a0expondremos\u00a0noticias de relevancia en las que el tema sea el Pueblo o cualquiera positiva de sus vecinos.<\/p>\n<h1>Las entidades locales menores piden administrar sus bienes<\/h1>\n<div>\n<div><a title=\"Provincia\" href=\"http:\/\/www.salamanca24horas.com\/provincia\">PROVINCIA<\/a><\/div>\n<div>\n<div><\/div>\n<\/div>\n<\/div>\n<div>\n<table width=\"100%\" cellspacing=\"0\" cellpadding=\"0\" align=\"left\">\n<tbody>\n<tr>\n<td>\n<div id=\"capa_imprimir\">\n<div>\n<table cellspacing=\"0\" cellpadding=\"0\">\n<tbody>\n<tr>\n<td align=\"left\">Escrito por: Pablo Mart\u00ednLunes, 18 de Noviembre de 2013 08:24<\/td>\n<td align=\"left\"><\/td>\n<td align=\"left\"><\/td>\n<td><\/td>\n<\/tr>\n<\/tbody>\n<\/table>\n<\/div>\n<p><img decoding=\"async\" title=\"Las entidades locales menores piden administrar sus bienes - salamanca24horas\" alt=\"Las entidades locales menores piden administrar sus bienes - salamanca24horas\" src=\"http:\/\/www.salamanca24horas.com\/images\/noticias\/mini1-1384759588.png\" \/><\/p>\n<div><img decoding=\"async\" alt=\"\" src=\"http:\/\/www.salamanca24horas.com\/images\/pie_foto.jpg\" \/>\u00a0Campillo de Salvatierra, entidad local menor que tiene firmado un convenio con el Ayuntamiento de Guijuelo<\/div>\n<div><\/div>\n<div>\n<div><strong>Adem\u00e1s de la firma de convenios con los ayuntamientos a los que pertenecen para el reparto de ingresos y gastos de tal forma que se conozca la cuant\u00eda de cada uno de ellos<\/strong><\/div>\n<p>Esta misma semana, el 22 de noviembre, alcaldes que tienen entidades locales menores, alcaldes ped\u00e1neos y secretarios est\u00e1n citados para tratar la administraci\u00f3n de estas entidades, en los aspectos de secretar\u00eda e intervenci\u00f3n, ante la nueva normativa reguladora de r\u00e9gimen local.<\/p>\n<div><\/div>\n<div>Desde la Federaci\u00f3n Salmantina de Entidades Locales Menores aseguran que la pretensi\u00f3n de \u00e9stas es que se pueda llevar la administraci\u00f3n de los bienes de las entidades en cada una de ellas y firmar convenios con el ayuntamiento a los que pertenecen para el reparto de ingresos y gastos, de tal forma que se conozca la cuant\u00eda de cada uno de ellos.<\/div>\n<div><\/div>\n<div>Algo que, desde la federaci\u00f3n, ven dif\u00edcil de conseguir por otra parte. \u201cImaginamos que la mayor\u00eda de ayuntamientos ser\u00e1n reticentes a esto,\u00a0 porque les tocar\u00e1 pagar\u201d, aseguran. En la actualidad, solo hay tres convenios firmados que funcionan con normalidad entre ayuntamientos y entidades locales menores. Son los referidos a Campillo-Guijuelo, Boadilla-La Fuente de San Esteban y Bercimuelle-Puente del Congosto.<\/div>\n<\/div>\n<\/div>\n<\/td>\n<\/tr>\n<\/tbody>\n<\/table>\n<\/div>\n<h1>Una veintena de pueblos recibe su inventario de bienes municipales<\/h1>\n<div>\n<div><a title=\"Provincia\" href=\"http:\/\/www.salamanca24horas.com\/provincia\">PROVINCIA<\/a>\u00a0DIPUTACI\u00d3N<\/div>\n<div>\n<div><\/div>\n<div><\/div>\n<\/div>\n<\/div>\n<div>\n<table width=\"100%\" cellspacing=\"0\" cellpadding=\"0\" align=\"left\">\n<tbody>\n<tr>\n<td>\n<div id=\"capa_imprimir\">\n<div>\n<table cellspacing=\"0\" cellpadding=\"0\">\n<tbody>\n<tr>\n<td align=\"left\">Escrito por: Pablo Mart\u00ednViernes, 08 de Noviembre de 2013 12:22<\/td>\n<td align=\"left\"><\/td>\n<td align=\"left\"><\/td>\n<td><\/td>\n<\/tr>\n<\/tbody>\n<\/table>\n<\/div>\n<p><img decoding=\"async\" title=\"Una veintena de pueblos recibe su inventario de bienes municipales - salamanca24horas\" alt=\"Una veintena de pueblos recibe su inventario de bienes municipales - salamanca24horas\" src=\"http:\/\/www.salamanca24horas.com\/images\/noticias\/mini1-1383910000.jpg\" \/><\/p>\n<div><img decoding=\"async\" alt=\"\" src=\"http:\/\/www.salamanca24horas.com\/images\/pie_foto.jpg\" \/>\u00a0Javier Iglesias y Bienvenido Mena con los alcaldes de los municipios beneficiados por la entrega del inventario de bienes<\/div>\n<div><\/div>\n<div>\n<div><strong>Gracias a la \u00faltima convocatoria del programa que impulsa la Diputaci\u00f3n Provincial de Salamanca y la Junta de Castilla y Le\u00f3n. Seg\u00fan el presidente de la Diputaci\u00f3n, Javier Iglesias, la entrega de inventarios \u00abes una herramienta fiable y extraordinaria para una mejor gesti\u00f3n municipal y para responder a los intereses de los habitantes de los municipios\u00bb<\/strong><\/div>\n<p>El Sal\u00f3n de Plenos de la Diputaci\u00f3n Provincial de Salamanca ha acogido en la ma\u00f1ana de este viernes, 8 de noviembre, la entrega de los inventarios de bienes municipales a los alcaldes de una veintena de municipios que han participado en la \u00faltima convocatoria de este programa que cofinancia la Diputaci\u00f3n y la Junta de Castilla y Le\u00f3n con una aportaci\u00f3n al 50% de una cuant\u00eda total de 67.760 euros. Javier Iglesias, el presidente de la instituci\u00f3n Provincial, ha destacado de la entrega de los inventarios \u201cque es una herramienta fiable y extraordinaria para una mejor gesti\u00f3n municipal y para responder a los intereses de los habitantes de los municipios\u201d.<\/p>\n<div>\nLos ayuntamientos beneficiados han sido los de Ahigal de los Aceiteros, Calvarrasa de Abajo, Candelario, Casafranca, Cerralbo, Cespedosa de Tormes, Do\u00f1inos de Salamanca, Frades de la Sierra, Fuentes de O\u00f1oro, La Hoya, La Redonda, Monterrubio de la Armu\u00f1a, Moriscos, Mozodiel de Sanch\u00ed\u00f1igo, Navalmorales, Puente del Congosto, Roll\u00e1n, Sobradillo, Vallejera del R\u00edofr\u00edo y la mancomunidad de la zona de Cantalapiedra. La entrega de los inventarios viene llev\u00e1ndose a cabo desde el 2002 cumpliendo con m\u00e1s de 300 municipios con el objetivo de, seg\u00fan Javier Iglesias, \u201cmejorar la eficacia de los ayuntamientos\u201d.\n<\/div>\n<div>Finalmente, en representaci\u00f3n de la Administraci\u00f3n regional, el delegado territorial de la Junta de Castilla y Le\u00f3n en Salamanca, Bienvenido Mena, \u201cla entrega de estos inventarios refleja el compromiso de las instituciones con los pueblos\u201d. De la misma manera, mostr\u00f3 orgulloso que gracias al trabajo de las dos instituciones otra veintena de municipios cuente con un documento completo y actualizado de los bienes en pro de una mejor gesti\u00f3n. Tanto Javier Iglesias como Bienvenido Mena aseguraron que esto mismo, a pesar de las dificultades, seguir\u00e1 produci\u00e9ndose y m\u00e1s ayuntamientos contar\u00e1n con su inventario de bienes.<\/div>\n<\/div>\n<\/div>\n<\/td>\n<\/tr>\n<\/tbody>\n<\/table>\n<\/div>\n<div>\n<div id=\"id_5215c482585255055674863\">\n<h1>Dos individuos roban las tapas de las alcantarillas de Mozodiel<\/h1>\n<div>\n<div><a title=\"Sucesos\" href=\"http:\/\/www.salamanca24horas.com\/sucesos\">SUCESOS<\/a><\/div>\n<div><\/div>\n<\/div>\n<div>\n<table width=\"100%\" cellspacing=\"0\" cellpadding=\"0\" align=\"left\">\n<tbody>\n<tr>\n<td>\n<div id=\"capa_imprimir\">\n<div>\n<table cellspacing=\"0\" cellpadding=\"0\">\n<tbody>\n<tr>\n<td align=\"left\">Escrito por: Adri\u00e1n A. Garc\u00eda Miercoles, 18 de Septiembre de 2013 17:59<\/td>\n<td align=\"left\"><\/td>\n<td align=\"left\"><\/td>\n<td><\/td>\n<\/tr>\n<\/tbody>\n<\/table>\n<\/div>\n<p><img decoding=\"async\" title=\"Dos individuos roban las tapas de las alcantarillas de Mozodiel - salamanca24horas\" alt=\"Dos individuos roban las tapas de las alcantarillas de Mozodiel - salamanca24horas\" src=\"http:\/\/www.salamanca24horas.com\/images\/noticias\/mini1-1379520184.jpg\" \/><\/p>\n<div><img decoding=\"async\" alt=\"\" src=\"http:\/\/www.salamanca24horas.com\/images\/pie_foto.jpg\" \/>\u00a0Una de las alcantarillas sustra\u00eddas<\/div>\n<div><\/div>\n<div>\n<div><strong>La Guardia Civil intervino con celeridad para se\u00f1alizar los huecos y esta ma\u00f1ana ya han sido repuestas<\/strong><\/div>\n<div>En la pasada tarde del martes se produjo en la localidad de Mozodiel de Sanch\u00ed\u00f1igo un robo por parte de dos individuos sin identificar de parte de las tapaderas del alcantarillado del camino que conduce hacia el municipio.Los hechos tuvieron lugar en torno a las 20:30 horas cuando un vecino alert\u00f3 de lo sucedido. La Guardia Civil se person\u00f3 inmediatamente en el lugar se\u00f1alizando los huecos descubiertos de las alcantarillas como prevenci\u00f3n para los coches que circulan por la v\u00eda. La labor de la Guardia Civil fue r\u00e1pida y en estos momentos se encuentran bajo la pista de los delincuentes.Esta ma\u00f1ana ya han sido repuestas y debidamente soldadas las tapaderas de las alcantarillas.<\/p>\n<\/div>\n<\/div>\n<\/div>\n<\/td>\n<\/tr>\n<\/tbody>\n<\/table>\n<\/div>\n<h1>Un alcalde en la cumbre<\/h1>\n<div>\n<div><a title=\"Provincia\" href=\"http:\/\/www.salamanca24horas.com\/provincia\">PROVINCIA<\/a>\u00a0MOZODIEL DE SANCH\u00cd\u00d1IGO<\/div>\n<div><\/div>\n<\/div>\n<div>\n<table width=\"100%\" cellspacing=\"0\" cellpadding=\"0\" align=\"left\">\n<tbody>\n<tr>\n<td>\n<div id=\"capa_imprimir\">\n<div>\n<table cellspacing=\"0\" cellpadding=\"0\">\n<tbody>\n<tr>\n<td align=\"left\">Escrito por: Pablo Mart\u00edn Domingo, 15 de Septiembre de 2013 09:41<\/td>\n<td align=\"left\"><\/td>\n<td align=\"left\"><\/td>\n<td><\/td>\n<\/tr>\n<\/tbody>\n<\/table>\n<\/div>\n<p><img decoding=\"async\" title=\"Un alcalde en la cumbre - salamanca24horas\" alt=\"Un alcalde en la cumbre - salamanca24horas\" src=\"http:\/\/www.salamanca24horas.com\/images\/noticias\/mini1-1379230996.jpg\" \/><\/p>\n<div><\/div>\n<div>\n<div><strong>Y podr\u00edamos estar hablando de la cumbre pol\u00edtica, pero no. Miguel \u00c1ngel \u00c1vila, primer edil de la pedan\u00eda Mozodiel de Sanch\u00ed\u00f1igo, aficionado al monta\u00f1ismo, ha subido todas las grandes cimas de Espa\u00f1a. Adem\u00e1s, el a\u00f1o que viene, entre sus metas est\u00e1 subir el Kilimanjaro y el Mont Blan. Este a\u00f1o ascender\u00e1 dos monta\u00f1as en Per\u00fa de m\u00e1s de 5.300 metros<\/strong><\/div>\n<div>Miguel \u00c1ngel \u00c1vila es un alcalde en la cumbre. Cualquiera que lea esto pensar\u00e1, en primer lugar, que estamos hablando de la cumbre de su carrera pol\u00edtica. Lo cierto es que no es as\u00ed. Aficionado al monta\u00f1ismo desde hace a\u00f1os, el primer edil de la pedan\u00eda de Mozodiel de Sanch\u00ed\u00f1igo ha subido todas las grandes cimas de Espa\u00f1a, algunas m\u00e1s de cuarenta veces, y dentro de sus metas m\u00e1s pr\u00f3ximas est\u00e1n el subir el Kilimanjaro y el Mont Blan. Algo que, si Dios quiere, ocurrir\u00e1 el a\u00f1o que viene. A escala mundial ya ha ascendido el Toubkal (de 4.200 metros de altitud) y este a\u00f1o subir\u00e1 dos monta\u00f1as de m\u00e1s de 5.300 metros en Per\u00fa.<\/div>\n<div><\/div>\n<div>Miguel \u00c1ngel \u00c1vila relata a SALAMANCA24HORAS la experiencia que le espera en las ascensiones de las monta\u00f1as de Per\u00fa:<\/div>\n<div><\/div>\n<div>Para ello se necesita un entrenamiento previo, que se consigue intensificando el n\u00famero de ascensiones en los meses anteriores y con otra serie de ejercicios. Una vez en la zona, tendr\u00e9 que tener un periodo de aclimataci\u00f3n a la altitud, ya que a esta altura solo hay un 50% de oxigeno en concentraci\u00f3n y a partir de los 5.500 metros se consideran zonas de extrema altitud.<\/div>\n<div><\/div>\n<div>La expedici\u00f3n saldr\u00e1 de Lima. Nos aclimataremos en un pueblo situado a 4.000 metros de altitud y all\u00ed realizaremos paseos y caminatas, dormir bien y, al d\u00eda siguiente, realizar una ascensi\u00f3n m\u00e1s intensa con un desnivel acumulado de 2.500 metros llegando ya a 4.800 metros hasta la Laguna Neveira. Un d\u00eda despu\u00e9s de esto, madrugando a las 5:00 horas de la madrugada, realizaremos la acometida de la cumbre del nevado de San Andr\u00e9s, con el \u00faltimo glaciar de la zona de Lima. Es una ruta muy bonita y agradecida pasando de la frontera de los 5.000 metros, a partir de los cuales los esfuerzos se intensifican por la falta de ox\u00edgeno y cada paso cuesta el doble. Tiene una parte t\u00e9cnica en el \u00faltimo tramo, es a\u00e9rea y con unas vistas incre\u00edbles sobre el restp de las monta\u00f1as de su entorno, dado que es la mayor prominencia. Despu\u00e9s queda la parte m\u00e1s importante que es descender entre el glaciar y volver al campamento.<\/div>\n<div><\/div>\n<div>El nevado de San Andr\u00e9s se encuentra ubicado en el departamento de Lima, en la zona monta\u00f1osa conocida como Ticlio. Tiene una altura de 5.350 metros de altitud. El glaciar se encuentra, aproximadamente, a 5.250 metros. Este lugar nos dejar\u00e1 la movilidad para luego hacer los \u00faltimos arreglos e iniciar el ascenso siguiendo un peque\u00f1o camino que nos llevar\u00e1 hacia la morrena del nevado Anticona Una vez superada \u00e9sta, ingresaremos a un nevero estacional salpicado de placas rocosas de f\u00e1cil ascenso, que nos conducir\u00e1n directamente al puente de nieve que da acceso al glaciar. Tras cruzarlo seguiremos en ascenso hasta alcanzar el hermoso collado entre el Anticona y el San Andr\u00e9s (5.100 metros aproximadamente). Luego de haber repuesto las energ\u00edas, continuaremos con la \u00faltima fase del ascenso subiendo por entre la abundante nieve acumulada hasta concluir en la cumbre del nevado de San Andr\u00e9s (5.283 metros de altura.<\/div>\n<div><\/div>\n<div>La \u00faltima ascensi\u00f3n ser\u00e1 de 70 kil\u00f3metros. Durante cuatro d\u00edas, con pasos a 4.700 metros, etapas muy vistosas, recorriendo el camino inca antiguo, para llegar al Machu Pichi por uno de sus caminos primigenios. Subir\u00e9 al Machu Pichu y a la monta\u00f1a en la que se encuentra y aqu\u00ed concluir\u00e1 la expedici\u00f3n. Con un total de 120 kil\u00f3metros de distancia y un desnivel acumulado de unos 16.000 metros.<\/div>\n<\/div>\n<\/div>\n<div>\n<h2>Un alcalde en la cumbre<\/h2>\n<table width=\"100%\" cellspacing=\"0\" cellpadding=\"5\">\n<tbody>\n<tr>\n<td>\n<table width=\"100%\">\n<tbody>\n<tr>\n<td valign=\"top\" width=\"100%\">\n<table width=\"100%\">\n<tbody>\n<tr>\n<td colspan=\"3\" valign=\"top\" width=\"100%\">Haz clic en las im\u00e1genes para ampliarlas:<\/td>\n<\/tr>\n<tr>\n<td align=\"center\" valign=\"top\" width=\"33%\"><b>\u00a0<\/b><\/td>\n<td align=\"center\" valign=\"top\" width=\"33%\"><a title=\"2\" href=\"http:\/\/www.salamanca24horas.com\/images\/galerias\/7181\/204180-img_4096.jpg\" rel=\"prettyPhoto[pp_gal]\"><img decoding=\"async\" alt=\"\" src=\"http:\/\/www.salamanca24horas.com\/images\/galerias\/7181\/medio-204180-img_4096.jpg\" \/><\/a><\/p>\n<div><b>2<\/b><\/div>\n<\/td>\n<td align=\"center\" valign=\"top\" width=\"33%\"><a title=\"1\" href=\"http:\/\/www.salamanca24horas.com\/images\/galerias\/7181\/204179-img_4484.jpg\" rel=\"prettyPhoto[pp_gal]\"><img decoding=\"async\" alt=\"\" src=\"http:\/\/www.salamanca24horas.com\/images\/galerias\/7181\/medio-204179-img_4484.jpg\" \/><\/a><\/p>\n<div><b>1<\/b><\/div>\n<\/td>\n<\/tr>\n<\/tbody>\n<\/table>\n<\/td>\n<\/tr>\n<\/tbody>\n<\/table>\n<\/td>\n<\/tr>\n<\/tbody>\n<\/table>\n<\/div>\n<\/td>\n<\/tr>\n<\/tbody>\n<\/table>\n<\/div>\n<h1>Decimocuarta edici\u00f3n del lanzamiento de azada el pr\u00f3ximo s\u00e1bado<\/h1>\n<div>\n<div><a title=\"Provincia\" href=\"http:\/\/www.salamanca24horas.com\/provincia\">PROVINCIA<\/a>\u00a0MOZODIEL DE SANCH\u00cd\u00d1IGO<\/div>\n<div><\/div>\n<\/div>\n<div>\n<table width=\"100%\" cellspacing=\"0\" cellpadding=\"0\" align=\"left\">\n<tbody>\n<tr>\n<td>\n<div id=\"capa_imprimir\">\n<div>\n<table cellspacing=\"0\" cellpadding=\"0\">\n<tbody>\n<tr>\n<td align=\"left\">Escrito por: Redacci\u00f3nLunes, 19 de Agosto de 2013 10:50<\/td>\n<td align=\"left\"><\/td>\n<td align=\"left\"><\/td>\n<td><\/td>\n<\/tr>\n<\/tbody>\n<\/table>\n<\/div>\n<p><img decoding=\"async\" title=\"Decimocuarta edici\u00f3n del lanzamiento de azada el pr\u00f3ximo s\u00e1bado - salamanca24horas\" alt=\"Decimocuarta edici\u00f3n del lanzamiento de azada el pr\u00f3ximo s\u00e1bado - salamanca24horas\" src=\"http:\/\/www.salamanca24horas.com\/images\/noticias\/mini1-1376902440.jpg\" \/><\/p>\n<div><img decoding=\"async\" alt=\"\" src=\"http:\/\/www.salamanca24horas.com\/images\/pie_foto.jpg\" \/>\u00a0Lanzamiento de azada el a\u00f1o pasado<\/div>\n<div><\/div>\n<div>\n<div><strong>La pedan\u00eda de Castellanos de Villiquera honra a este s\u00edmbolo de tes\u00f3n y constancia entre los hombres del campo. Un certamen \u00fanico en la provincia que cada a\u00f1o incluso tiene su propio campeonato mundial en Marcilla<\/strong><\/div>\n<div>Mozodiel de Sanch\u00ed\u00f1igo, pedan\u00eda de Castellanos de Villiquera, celebra el pr\u00f3ximo 24 de agosto, s\u00e1bado, sus fiestas patronales de nuevo con una tradici\u00f3n \u00fanica en la provincia de Salamanca. Se trata del concurso de lanzamiento de azada, que alcanza ya su decimocuarta edici\u00f3n. \u00abEst\u00e1 cogiendo ya bastante trascendencia,<\/div>\n<div>participan unas setenta personas y hay verdaderos expertos en\u00a0lanzarla, estamos pensando en llevar al ganador al campeonato de Espa\u00f1a\u00a0de lanzamiento de Azada que se celebra en Zaragoza\u00bb, explica su alcalde, Miguel \u00c1vila.<\/div>\n<div><\/div>\n<div><strong>PROGRAMACI\u00d3N<\/strong>11:00 PASA CALLES TAMBORIL SERGIO MONTERO<\/div>\n<div>12:30 CELEBRACION DE LA EUCARISTIA<\/div>\n<div>13:00 PROCESION DE SAN SALVADOR CON DULZAINA Y TAMBORIL<\/div>\n<div>13:30 PINCHO DE FERIA EN BAR DE FIESTA<\/div>\n<div>14:00 GRAN PAELLADA GRATUITA PARA TODOS LOS ASISTENTES<\/div>\n<div>18:00 XIV GRAN TORNEO DE LANZAMIENTO DE AZADA<\/div>\n<div>19:00 TORNEO DE EXHIBICION DE FRISBEE DEL EQUIPO \u201cQUIMERA\u201d QUE JUGARA EL CAMPEONATO DE ESPA\u00d1A<\/div>\n<div>20:00 COMPETICIONES DEPORTIVAS<\/div>\n<div>22:00 CONCIERTO DE FLAMENCO Y POP por el grupo \u201cTiempo Atr\u00e1s\u201d.<\/div>\n<\/div>\n<\/div>\n<\/td>\n<\/tr>\n<\/tbody>\n<\/table>\n<\/div>\n<\/div>\n<div><\/div>\n<div>__\u00a0<a id=\"js_23\" href=\"https:\/\/www.facebook.com\/SalamancaFuns?directed_target_id=0\" data-hovercard=\"\/ajax\/hovercard\/page.php?id=403208103082346&amp;extragetparams=%7B%22directed_target_id%22%3A0%7D\">Salamanca Funs<\/a>\u00a0__ [ Paellada en Mozodiel ]\u00bfQui\u00e9n viene&#8230;?Miguel \u00c1ngel, amigo de Salamanca Funs, nos invita a disfrutar este pr\u00f3ximo s\u00e1bado 24 de agosto, de las fiestas patronales de\u00a0<a href=\"https:\/\/www.facebook.com\/pages\/Mozodiel-de-Sanch%C3%AD%C3%B1igo-Oficial\/183897745015819?directed_target_id=0\" data-hovercard=\"\/ajax\/hovercard\/page.php?id=183897745015819&amp;extragetparams=%7B%22directed_target_id%22%3A0%7D\">Mozodiel de Sanch\u00ed\u00f1igo (Oficial)<\/a>.<br \/>\nLa #paellada (gratuita) tendr\u00e1 lugar a las 14:00 del s\u00e1bado.[+info]\u00a0<a href=\"http:\/\/xn--mozodieldesanchiigo-b4b.es\/\" target=\"_blank\" rel=\"nofollow nofollow\">http:\/\/mozodieldesanchi\u00f1igo.es\/<\/a><br \/>\n_____________________________________<\/div>\n<div>\n<div data-gt=\"{&quot;fbid&quot;:&quot;505343509535471&quot;}\" data-ft=\"{&quot;tn&quot;:&quot;E&quot;}\"><img loading=\"lazy\" decoding=\"async\" alt=\"Foto: __ Salamanca Funs __ [ Paellada en Mozodiel ]&lt;\/p&gt;&lt;br \/&gt;&lt;br \/&gt;&lt;br \/&gt;&lt;br \/&gt;\n&lt;p&gt;\u00bfQui\u00e9n viene...?&lt;\/p&gt;&lt;br \/&gt;&lt;br \/&gt;&lt;br \/&gt;&lt;br \/&gt;\n&lt;p&gt;Miguel \u00c1ngel, amigo de Salamanca Funs, nos invita a disfrutar este pr\u00f3ximo s\u00e1bado 24 de agosto, de las fiestas patronales de Mozodiel de Sanch\u00ed\u00f1igo (Oficial).&lt;br \/&gt;&lt;br \/&gt;&lt;br \/&gt;&lt;br \/&gt;&lt;br \/&gt;\nLa #paellada (gratuita) tendr\u00e1 lugar a las 14:00 del s\u00e1bado.&lt;\/p&gt;&lt;br \/&gt;&lt;br \/&gt;&lt;br \/&gt;&lt;br \/&gt;\n&lt;p&gt;[+info] http:\/\/mozodieldesanchi\u00f1igo.es&lt;br \/&gt;&lt;br \/&gt;&lt;br \/&gt;&lt;br \/&gt;&lt;br \/&gt;\n_____________________________________\" src=\"https:\/\/sphotos-a.xx.fbcdn.net\/hphotos-frc3\/p480x480\/1186736_505343509535471_579533045_n.jpg\" width=\"568\" height=\"378\" \/><\/div>\n<\/div>\n<h1><\/h1>\n<h1>\u00a1Azada va!<\/h1>\n<div>\n<div><a title=\"Provincia\" href=\"http:\/\/www.salamanca24horas.com\/provincia\">PROVINCIA<\/a>\u00a0MOZODIEL DE SANCH\u00cd\u00d1IGO<\/div>\n<div><\/div>\n<\/div>\n<div>\n<table width=\"100%\" cellspacing=\"0\" cellpadding=\"0\" align=\"left\">\n<tbody>\n<tr>\n<td>\n<div id=\"capa_imprimir\">\n<div>\n<table cellspacing=\"0\" cellpadding=\"0\">\n<tbody>\n<tr>\n<td align=\"left\">Escrito por: Ra\u00fal Mart\u00ednS\u00e1bado, 25 de Agosto de 2012 20:23<\/td>\n<td align=\"left\"><\/td>\n<td align=\"left\"><\/td>\n<td><\/td>\n<\/tr>\n<\/tbody>\n<\/table>\n<\/div>\n<p><img decoding=\"async\" title=\"\u00a1Azada va! - salamanca24horas\" alt=\"\u00a1Azada va! - salamanca24horas\" src=\"http:\/\/www.salamanca24horas.com\/images\/noticias\/mini1-1345920180.jpg\" \/><\/p>\n<div><img decoding=\"async\" alt=\"\" src=\"http:\/\/www.salamanca24horas.com\/images\/pie_foto.jpg\" \/>\u00a0Uno de los participantes en el lanzamiento<\/div>\n<div><\/div>\n<div>\n<div><strong>La pedan\u00eda de Castellanos de Villiquera celebra la XIII edici\u00f3n del lanzamiento de este s\u00edmbolo de tes\u00f3n y constancia entre los hombres del campo. Un certamen \u00fanico en la provincia que cada a\u00f1o incluso tiene su propio campeonato mundial en Marcilla. SALAMANCA24HORAS les ofrece una galer\u00eda fotogr\u00e1fica<\/strong><\/div>\n<div>Los vecinos de Mozodiel de Sanch\u00ed\u00f1igo, pedan\u00eda del t\u00e9rmino municipal de Castellanos de Villiquera, han celebrado este s\u00e1bado sus fiestas patronales en honor de San Salvador. Tras la procesi\u00f3n del mediod\u00eda, por la tarde tuvo lugar una peculiar competici\u00f3n, que ya alcanza su decimotercera edici\u00f3n, el lanzamiento de azada, con la participaci\u00f3n de los vecinos del pueblo.<\/div>\n<div><\/div>\n<div>\u201cEsta competici\u00f3n requiere esfuerzo f\u00edsico aunque su reglas son tan sencillas como el mismo mecanismo de la azada: hay que lanzar este utensilio lo m\u00e1s lejos posible\u201d, explican los organizadores. As\u00ed, la azada, s\u00edmbolo de tes\u00f3n y constancia, deja de ser apero de labranza para transformarse, por un d\u00eda, en la herramienta m\u00e1s codiciada. En un ambiente distendido, los participantes batieron sus fuerzas en uno de los eventos m\u00e1s relevantes de Mozodiel.<\/div>\n<div><\/div>\n<div>El lanzamiento de azada precisa de un peque\u00f1o ritual. Como detallan los especialistas, \u201ctras cogerla con las dos manos y apuntar, con s\u00f3lo una de ellas, el participante debe lanzarla sin giros con el brazo sin que la azada toque el suelo\u201d. A continuaci\u00f3n, se debe lanzar con fuerza para llegar lo m\u00e1s lejos posible. El concursante no puede salirse de la zona delimitada para el lanzamiento y es nulo siempre que la azada toque el suelo, el participante pise la marca de salida o la herramienta toque la pared acotada.<\/div>\n<div><\/div>\n<div>A ra\u00edz de esta competici\u00f3n mozodielense, en otras localidades impulsan pr\u00e1cticas semejantes. En Jumilla (Murcia) se celebra el lanzamiento del leg\u00f3n, como as\u00ed llaman a la azada, y en Marcilla se encuentra el Campeonato Mundial. \u201cEs una tradici\u00f3n y hay que participar para que no se olvide\u201d, se\u00f1alan los vecinos del municipio. Al finalizar la prueba, los ganadores recibieran en la plaza del pueblo, adem\u00e1s de sus premios, los aplausos de los presentes y el respeto de la azada.<\/div>\n<\/div>\n<\/div>\n<\/td>\n<\/tr>\n<\/tbody>\n<\/table>\n<\/div>\n<h1>Constituida la primera Federaci\u00f3n Salmantina de Entidades Locales Menores<\/h1>\n<div>\n<div><a title=\"Provincia\" href=\"http:\/\/www.salamanca24horas.com\/provincia\">PROVINCIA<\/a>\u00a0CAMPILLO DE SALVATIERRA<\/div>\n<div>\n<div><\/div>\n<div><\/div>\n<div><a title=\"Descargar en .pdf\" href=\"http:\/\/www.salamanca24horas.com\/exportar_articuloarchivadopdf.php?id_contenido=75054\" target=\"_blank\"><img decoding=\"async\" title=\"Descargar en .pdf\" alt=\"Descargar en .pdf\" src=\"http:\/\/www.salamanca24horas.com\/images\/pdf.png\" \/><\/a><\/div>\n<\/div>\n<\/div>\n<div>\n<table width=\"100%\" cellspacing=\"0\" cellpadding=\"0\" align=\"left\">\n<tbody>\n<tr>\n<td>\n<div id=\"capa_imprimir\">\n<div>\n<table cellspacing=\"0\" cellpadding=\"0\">\n<tbody>\n<tr>\n<td align=\"left\">Escrito por: Ana RedondoLunes, 08 de Octubre de 2012 10:48<\/td>\n<td align=\"left\"><\/td>\n<td align=\"left\"><\/td>\n<td><\/td>\n<\/tr>\n<\/tbody>\n<\/table>\n<\/div>\n<p><img decoding=\"async\" title=\"Constituida la primera Federaci\u00f3n Salmantina de Entidades Locales Menores - salamanca24horas\" alt=\"Constituida la primera Federaci\u00f3n Salmantina de Entidades Locales Menores - salamanca24horas\" src=\"http:\/\/www.salamanca24horas.com\/images\/noticias\/mini1-1349687238.jpg\" \/><\/p>\n<div><img decoding=\"async\" alt=\"\" src=\"http:\/\/www.salamanca24horas.com\/images\/pie_foto.jpg\" \/>\u00a0Bercimuelle es uno de los municipios que formar\u00e1n la federaci\u00f3n.<\/div>\n<div><\/div>\n<div>\n<div><strong>La reuni\u00f3n de alcaldes ped\u00e1neos en Campillo de Salvatierra se sald\u00f3 con la firma de 9 pedan\u00edas de los documentos necesarios para iniciar los tr\u00e1mites<\/strong><\/div>\n<p>Despu\u00e9s de celebrar varias reuniones para avanzar en la idea de crear una federaci\u00f3n que aglutine a las 19 entidades locales menores de la provincia de Salamanca, ya se han iniciado los tr\u00e1mites para su constituci\u00f3n tras la firma de nueve pedan\u00edas. Aunque solo era necesaria la firma de tres de ellos para poder realizar los tr\u00e1mites burocr\u00e1ticos, finalmente fueron Bercimuelle, Aldeaseca de Armu\u00f1a, Bocacara, Valdesangil, Fuentebuena, Mozodiel de Sanch\u00ed\u00f1igo, Galleguillos, Herrezuelo y Navagallega los que lo hicieron en un encuentro celebrado en Campillo de Salvatierra. El presidente de la federaci\u00f3n ser\u00e1 Antonio Lozano Gonz\u00e1lez, alcade ped\u00e1neo de Aldeaseca de Armu\u00f1a.<\/p>\n<p>De esta manera echa a andar la Federaci\u00f3n Salmantina de Entidades Locales Menores que se forma con el objetivo de hacer un frente com\u00fan para la futura Ley de Ordenaci\u00f3n del Territorio que prepara la Junta de Castilla y Le\u00f3n. Alcaldes ped\u00e1neos de todos los signos pol\u00edticos se unir\u00e1n para luchar por la no desaparici\u00f3n de ning\u00fan municipio. Y es que aunque solo firmaron 9, son muchos m\u00e1s los que se unir\u00e1n posteriormente a la federaci\u00f3n, por lo menos 16 de las 19 pedan\u00edas existentes en la provincia de Salamanca.<\/p>\n<p>El beneficio que alegan los organizadores de la federaci\u00f3n es hacer un frente com\u00fan para hacer fuerza y \u00abque se redacten las normas de otras maneras\u00bb, afirman. Tras el registro de los documentos los alcaldes se reunir\u00e1n de nuevo pr\u00f3ximamente en asamblea.<\/p>\n<\/div>\n<\/div>\n<\/td>\n<\/tr>\n<\/tbody>\n<\/table>\n<\/div>\n<h1>Una veintena de entidades locales menores suman 2.500 habitantes<\/h1>\n<div>\n<div><a title=\"Provincia\" href=\"http:\/\/www.salamanca24horas.com\/provincia\">PROVINCI<\/a><\/div>\n<div><\/div>\n<\/div>\n<div>\n<table width=\"100%\" cellspacing=\"0\" cellpadding=\"0\" align=\"left\">\n<tbody>\n<tr>\n<td>\n<div id=\"capa_imprimir\">\n<div>\n<table cellspacing=\"0\" cellpadding=\"0\">\n<tbody>\n<tr>\n<td align=\"left\">Escrito por: Ana RedondoS\u00e1bado, 13 de Octubre de 2012 08:59<\/td>\n<td align=\"left\"><\/td>\n<td align=\"left\"><\/td>\n<td><\/td>\n<\/tr>\n<\/tbody>\n<\/table>\n<\/div>\n<p><img decoding=\"async\" title=\"Una veintena de entidades locales menores suman 2.500 habitantes - salamanca24horas\" alt=\"Una veintena de entidades locales menores suman 2.500 habitantes - salamanca24horas\" src=\"http:\/\/www.salamanca24horas.com\/images\/noticias\/mini1-1350111666.jpg\" \/><\/p>\n<div><img decoding=\"async\" alt=\"\" src=\"http:\/\/www.salamanca24horas.com\/images\/pie_foto.jpg\" \/>\u00a0Vista a\u00e9rea de Boadilla<\/div>\n<div><\/div>\n<div>\n<div><strong>La m\u00e1s peque\u00f1a es Turra de Alba con 19 vecinos y en el lado contrario est\u00e1 Aldeaseca de Armu\u00f1a con 912<\/strong><\/div>\n<div>La provincia de Salamanca cuenta con un total de 19 entidades locales menores o pedan\u00edas que suman 2.578 habitantes. No tienen categor\u00eda de municipio, pero celebran elecciones independientes para elegir a su alcade ped\u00e1neo. A su vez dependen de una localidad que es la que le da los servicios b\u00e1sicos como la sanidad o la educaci\u00f3n.<\/div>\n<div><\/div>\n<div>Para que una entidad local menor deje de serlo se tienen que dar dos circunstancias, tal y como explica el diputado de Asistencia a Municipios, Manuel Rufino, primero que consiga tener m\u00e1s de 1.000 habitantes y segundo que quiera hacerlo. En el caso de Salamanca solo una pedan\u00eda estar\u00eda cerca de dejar de serlo, y esa es Aldeaseca de Armu\u00f1a, dependiente de Villares de la Reina y que cuenta con 912 habitantes. Sin embargo, es una opci\u00f3n voluntaria que tienen que decidir los vecinos.<\/div>\n<div><\/div>\n<div><strong>Funcionamiento<\/strong><\/div>\n<div><\/div>\n<div>El funcionamiento de las entidades locales menores es muy sencillo. Cuando llegan las elecciones se colocan dos urnas, una para la elecci\u00f3n del alcalde ped\u00e1neo y otra para votar al m\u00e1ximo representante del ayuntamiento del que dependen. As\u00ed por ejemplo en \u00c1gueda del Caudillo, una entidad local menor dependiente de Ciudad Rodrigo, en los \u00faltimos comicios los vecinos eligieron alcalde ped\u00e1neo a Germ\u00e1n Florindo, y tambi\u00e9n tuvieron la opci\u00f3n de votar para que Javier Iglesias fuera elegido alcalde de Ciudad Rodrigo.<\/div>\n<div><\/div>\n<div>En la entidad local menor se suelen presentar dos candidatos, uno del partido que gobierne en el municipio del que dependen, y otro del grupo m\u00e1s votado en comicios anteriores \u2013aunque tambi\u00e9n puede haber m\u00e1s candidatos-. Eso explica que no siempre el alcalde ped\u00e1neo tiene que ser del mismo partido que el alcalde del municipio del que dependen. Es el caso de La Fuente de San Esteban \u2013y de muchos otros- donde gobierna el PP, mientras que en Boadilla lo hace el Partido Socialista.<\/div>\n<div><\/div>\n<div>Tras las elecciones se establece la Junta Vecinal formada por el alcalde ped\u00e1neo y sus concejales, que a efectos es como una Corporaci\u00f3n municipal. A partir de ah\u00ed normalmente se establece un convenio entre el municipio y la pedan\u00eda para establecer las competencias, que pueden ser de toda \u00edndole menos de urbanismo, como destaca el diputado Manuel Rufino.<\/div>\n<div><\/div>\n<div><strong>Impuestos<\/strong><\/div>\n<div><\/div>\n<div>Las entidades locales menores pueden acordar con la localidad de la que dependen el cobro de determinados impuestos como el IBI, o establecer otros especiales, pero lo m\u00e1s habitual es que el municipio destine una partida en los presupuestos para la pedan\u00eda.<\/div>\n<div><\/div>\n<div>Sin embargo, lo que no tienen las entidades locales menores son servicios como la Sanidad o la Educaci\u00f3n, y se limitan en la mayor\u00eda de los casos a servicios como el alcantarillado, la basura o el agua.<\/div>\n<div><\/div>\n<div>Ayuntamiento como tal solo hay uno, el del municipio, y por ello para las ayudas, como por ejemplo los Planes Provinciales de la Diputaci\u00f3n, tienen que gestinarlas a trav\u00e9s de la localidad de la que dependen. \u00a0\u201cEs importante que haya buena relaci\u00f3n entre el municipio y la entidad local menor, aunque sea de distinto signo pol\u00edtico\u201d, afirma Manuel Rufino.<\/div>\n<div><\/div>\n<div>Adem\u00e1s, en la mayor\u00eda de los casos el alcalde ped\u00e1neo se incluye como concejal en la Corporaci\u00f3n municipal para que pueda participar as\u00ed tambi\u00e9n en la toma de decisiones.<\/div>\n<div><\/div>\n<div><strong>Listado<\/strong><\/div>\n<div>&#8211; \u00c1gueda del Caudillo (Ciudad Rodrigo): 116 habitantes<\/div>\n<div>&#8211; Aldeaseca de Armu\u00f1a (Villares de la Reina): 912 habitantes.<\/div>\n<div>&#8211; Bercimuelle (Puente del Congosto): 79 habitantes.<\/div>\n<div>&#8211; Boadilla (La Fuente de San Esteban): 190 habitantes.<\/div>\n<div>&#8211; Bocacara (Ciudad Rodrigo): 172 habitantes.<\/div>\n<div>&#8211; Campillo de Salvatierra (Guijuelo): 339 habitantes.<\/div>\n<div>&#8211; Cespedosa de Agadones (Herguijuela de Ciudad Rodrigo): 47 habitantes.<\/div>\n<div>&#8211; Fuentebuena (B\u00e9jar): 50 habitantes.<\/div>\n<div>&#8211; Galleguillos (Gajates): 50 habitantes.<\/div>\n<div>&#8211; Guadapero (Serradilla del Arroyo): 111 habitantes.<\/div>\n<div>&#8211; Herrezuelo (Anaya de Alba): 40 habitantes.<\/div>\n<div>&#8211; La Lurda (Garcihern\u00e1ndez): 50 habitantes.<\/div>\n<div>&#8211; Mozodiel de Sanch\u00ed\u00f1igo (Castellanos de Villiquera): 36 habitantes.<\/div>\n<div>&#8211; Navagallega (Membribe de la Sierra): 72 habitantes.<\/div>\n<div>&#8211; Santa Mar\u00eda de los Llanos (Santib\u00e1\u00f1ez de la Sierra): 23 habitantes.<\/div>\n<div>&#8211; Turra de Alba (Pedrosillo de Alba): 19 habitantes.<\/div>\n<div>&#8211; Valdesangil (B\u00e9jar): 165 habitantes.<\/div>\n<div>&#8211; Villanueva de los Pavones (La Orbada): 87 habitantes.<\/div>\n<div>&#8211; Villarejo (Zamarra): 20 habitantes.<\/div>\n<\/div>\n<\/div>\n<\/td>\n<\/tr>\n<\/tbody>\n<\/table>\n<\/div>\n<h1>Tres heridos leves en una colisi\u00f3n en Mozodiel de Sanch\u00ed\u00f1igo<\/h1>\n<div>\n<div><a title=\"Sucesos\" href=\"http:\/\/www.salamanca24horas.com\/sucesos\">SUCESOS<\/a><\/div>\n<div><\/div>\n<\/div>\n<div>\n<table width=\"100%\" cellspacing=\"0\" cellpadding=\"0\" align=\"left\">\n<tbody>\n<tr>\n<td>\n<div id=\"capa_imprimir\">\n<div>\n<table cellspacing=\"0\" cellpadding=\"0\">\n<tbody>\n<tr>\n<td align=\"left\">Escrito por: Redacci\u00f3nS\u00e1bado, 03 de Noviembre de 2012 19:27<\/td>\n<td align=\"left\"><\/td>\n<td align=\"left\"><\/td>\n<td><\/td>\n<\/tr>\n<\/tbody>\n<\/table>\n<\/div>\n<p><img decoding=\"async\" title=\"Tres heridos leves en una colisi\u00f3n en Mozodiel de Sanch\u00ed\u00f1igo - salamanca24horas\" alt=\"Tres heridos leves en una colisi\u00f3n en Mozodiel de Sanch\u00ed\u00f1igo - salamanca24horas\" src=\"http:\/\/www.salamanca24horas.com\/images\/noticias\/mini1-1351967537.jpg\" \/><\/p>\n<div><img decoding=\"async\" alt=\"\" src=\"http:\/\/www.salamanca24horas.com\/images\/pie_foto.jpg\" \/>\u00a0Accidente en la SA-300 en Mozodiel de Sanch\u00ed\u00f1igo.<\/div>\n<div><\/div>\n<div><strong>Dos turismos chocan en la SA-300 a las cinco de la tarde<\/strong><\/div>\n<div>\n<p>Tres personas resultaron heridas leves y una ilesa en una colisi\u00f3n entre dos turismos en la SA-300 en direcci\u00f3n a Mozodiel de Sanch\u00ed\u00f1igo. Los hechos ocurrieron alrededor de las cinco de la tarde y hasta el lugar de los hechos se desplaz\u00f3 la Guardia Civil y las emergencias sanitarias, que atendieron a los heridos en el lugar y desterminaron que no revest\u00edan gravedad.<\/p>\n<\/div>\n<div><\/div>\n<\/div>\n<\/td>\n<\/tr>\n<\/tbody>\n<\/table>\n<\/div>\n<h1><\/h1>\n<h1><\/h1>\n<h1><\/h1>\n<h1>El Ayuntamiento de Villamayor presentar\u00e1 un recurso contencioso-administrativo contra la futura planta de biomasa<\/h1>\n<\/div>\n<div>\n<h2>Los grupos pol\u00edticos han sido un\u00e1nimes y el Consistorio recurrir\u00e1 en representaci\u00f3n de todos los vecinos la licencia medioambiental<\/h2>\n<\/div>\n<div>\n<table width=\"650\" border=\"0\" cellspacing=\"0\" cellpadding=\"0\">\n<tbody>\n<tr>\n<td width=\"500\"><img loading=\"lazy\" decoding=\"async\" alt=\"\" src=\"http:\/\/estaticos00.lagacetadesalamanca.es\/\/elementosWeb\/mediaweb\/images\/iconos\/reloj.gif\" width=\"13\" height=\"13\" align=\"absbottom\" \/>\u00a021:16<\/p>\n<div id=\"evotos\"><img decoding=\"async\" id=\"voto1\" alt=\"\" src=\"http:\/\/estaticos.lagacetadesalamanca.es\/\/elementosWeb\/mediaweb\/images\/iconos\/estrella.gif\" align=\"ABSMIDDLE\" border=\"0\" \/><img decoding=\"async\" id=\"voto2\" alt=\"\" src=\"http:\/\/estaticos.lagacetadesalamanca.es\/\/elementosWeb\/mediaweb\/images\/iconos\/estrella.gif\" align=\"ABSMIDDLE\" border=\"0\" \/><img decoding=\"async\" id=\"voto3\" alt=\"\" src=\"http:\/\/estaticos.lagacetadesalamanca.es\/\/elementosWeb\/mediaweb\/images\/iconos\/estrella.gif\" align=\"ABSMIDDLE\" border=\"0\" \/><img decoding=\"async\" id=\"voto4\" alt=\"\" src=\"http:\/\/estaticos.lagacetadesalamanca.es\/\/elementosWeb\/mediaweb\/images\/iconos\/estrella.gif\" align=\"ABSMIDDLE\" border=\"0\" \/><img decoding=\"async\" id=\"voto5\" alt=\"\" src=\"http:\/\/estaticos.lagacetadesalamanca.es\/\/elementosWeb\/mediaweb\/images\/iconos\/estrella.gif\" align=\"ABSMIDDLE\" border=\"0\" \/><\/div>\n<\/td>\n<td width=\"25\"><a href=\"http:\/\/www.lagacetadesalamanca.es\/salamanca\/2012\/05\/05\/ayuntamiento-villamayor-presentara-recurso-contencioso-administrativo-futura-planta-biomasa\/60941.html\"><img loading=\"lazy\" decoding=\"async\" alt=\"Enviar\" src=\"http:\/\/estaticos02.lagacetadesalamanca.es\/\/elementosWeb\/mediaweb\/images\/iconos\/enviar.jpg\" width=\"17\" height=\"17\" align=\"ABSMIDDLE\" border=\"0\" \/><\/a><\/td>\n<td width=\"25\"><a href=\"http:\/\/www.lagacetadesalamanca.es\/salamanca\/2012\/05\/05\/ayuntamiento-villamayor-presentara-recurso-contencioso-administrativo-futura-planta-biomasa\/60941.html\"><img loading=\"lazy\" decoding=\"async\" alt=\"Imprimir\" src=\"http:\/\/estaticos00.lagacetadesalamanca.es\/\/elementosWeb\/mediaweb\/images\/iconos\/imprimir.jpg\" width=\"17\" height=\"17\" align=\"ABSMIDDLE\" border=\"0\" \/><\/a><\/td>\n<td width=\"25\"><img loading=\"lazy\" decoding=\"async\" alt=\"Aumentar el texto\" src=\"http:\/\/estaticos00.lagacetadesalamanca.es\/\/elementosWeb\/mediaweb\/images\/iconos\/textomas.jpg\" width=\"17\" height=\"17\" align=\"ABSMIDDLE\" border=\"0\" \/><\/td>\n<td width=\"25\"><img loading=\"lazy\" decoding=\"async\" alt=\"Reducir el texto\" src=\"http:\/\/estaticos00.lagacetadesalamanca.es\/\/elementosWeb\/mediaweb\/images\/iconos\/textomenos.jpg\" width=\"17\" height=\"17\" align=\"ABSMIDDLE\" border=\"0\" \/><\/td>\n<\/tr>\n<\/tbody>\n<\/table>\n<\/div>\n<div id=\"noticia_texto\">\n<p><strong>E\u00d1E<\/strong>\u00a0El Consistorio de Villamayor presentar\u00e1 el lunes, de manera individual, un recurso contencioso-administrativo contra la licencia medioambiental concedida por la Junta a la futura planta de biomasa de Valcuevo.<\/p>\n<p><strong>La decisi\u00f3n es fruto de la unanimidad alcanzada por los tres grupos pol\u00edticos presentes en el Ayuntamiento<\/strong>. Seg\u00fan matizo el primer edil, \u00c1ngel Peralvo: \u201cEl recurso se interpondr\u00e1 desde el Consistorio en representaci\u00f3n de todos los vecinos de la localidad y en defensa de los intereses de todos ellos. Entre las razones que argumentaremos est\u00e1n algunas vinculadas con la elecci\u00f3n del lugar de ubicaci\u00f3n de la planta y otras sobre lo que consideramos errores que hay en el estudio de impacto ambiental\u201d.<\/p>\n<p>Los representantes municipales se\u00f1alaron que la direcci\u00f3n letrada que representar\u00e1 al Consistorio de Villamayor<strong>considera que hay \u201csuficientes\u201d fundamentos legales para dirigirse al tribunal con una demanda en toda regla<\/strong>.<\/p>\n<p>Hasta el momento,<strong>\u00a0los grupos pol\u00edticos con presencia en el Ayuntamiento de la localidad han celebrado dos reuniones de seguimiento sobre el tema.\u00a0<\/strong>Cuentan con un estudio realizado por un grupo de especialistas independientes de la Universidad de Salamanca en el que se basar\u00e1n, como prueba documental, para la argumentaci\u00f3n del recurso contencioso. Tras la presentaci\u00f3n de este alegato contra la declaraci\u00f3n de Impacto Ambiental que la Junta aprob\u00f3 favorablemente el pasado 13 de marzo los representantes municipales de Villamayor esperan que se adopten medidas que paralicen las posibles obras de la instalaci\u00f3n.<\/p>\n<p><strong>La pasada semana la plataforma ciudadana \u201cSalvemos Valcuevo\u201d tambi\u00e9n anunci\u00f3 su intenci\u00f3n de presentar un recurso contencioso-administrativo propio<\/strong>. La planta de biomasa tiene previsto ubicarse en dos parcelas pertenecientes al t\u00e9rmino municipal de Valverd\u00f3n en las que ocupar\u00e1 una superficie cercana a los 38.000 metros cuadrados.<\/p>\n<\/div>\n<h1><\/h1>\n<h1>T\u00e9rmica de Valcuevo<\/h1>\n<div>\n<table width=\"100%\" cellspacing=\"0\" cellpadding=\"0\" align=\"left\">\n<tbody>\n<tr>\n<td>\n<div id=\"capa_imprimir\">\n<div>\n<table cellspacing=\"0\" cellpadding=\"0\">\n<tbody>\n<tr>\n<td align=\"left\">Escrito por: Redacci\u00f3nMiercoles, 14 de Marzo de 2012 19:24<\/td>\n<td align=\"left\"><\/td>\n<td align=\"left\"><\/td>\n<td><\/td>\n<\/tr>\n<\/tbody>\n<\/table>\n<\/div>\n<p><img decoding=\"async\" title=\"El PSOE solicita al Ayuntamiento de Salamanca que fije su posici\u00f3n sobre la t\u00e9rmica de Valcuevo - salamanca24horas\" alt=\"El PSOE solicita al Ayuntamiento de Salamanca que fije su posici\u00f3n sobre la t\u00e9rmica de Valcuevo - salamanca24horas\" src=\"http:\/\/www.salamanca24horas.com\/images\/noticias\/mini1-1331749728.jpg\" \/><\/p>\n<div><img decoding=\"async\" alt=\"\" src=\"http:\/\/www.salamanca24horas.com\/images\/pie_foto.jpg\" \/>\u00a0Una central de biomasa<\/div>\n<div>\n<div><strong>El Grupo Municipal Socialista en el Ayuntamiento de Salamanca ha reiterado su petici\u00f3n de la informaci\u00f3n existente sobre este proyecto, que tiene aprobada ahora la licencia ambiental por parte de la Junta de Castilla y Le\u00f3n.<\/strong><\/div>\n<p>El Grupo Municipal Socialista en el Ayuntamiento de Salamanca ha solicitado al equipo de Gobierno municipal del PP, en la reuni\u00f3n de la Comisi\u00f3n de Medio Ambiente celebrada esta ma\u00f1ana, toda la informaci\u00f3n disponible sobre el Proyecto de Central T\u00e9rmica de Biomasa que se pretende construir en el t\u00e9rmino municipal de Valverd\u00f3n, m\u00e1s conocido como Planta T\u00e9rmica de Valcuevo.<br \/>\nUn proyecto que ha recibido el visto bueno y la aprobaci\u00f3n de la Junta de Castilla y Le\u00f3n a trav\u00e9s de la Consejer\u00eda de Fomento y Medio Ambiente, y que afecta directamente a los municipios de<strong>\u00a0Villamayor de la Armu\u00f1a, Valverd\u00f3n,\u00a0Mozodiel de Sanch\u00ed\u00f1igo, Florida de Li\u00e9bana, Pino de Tormes, Castellanos de Villiquera y, por la cercan\u00eda, tambi\u00e9n a la propia ciudad de Salamanca.<\/strong><\/p>\n<\/div>\n<\/div>\n<\/td>\n<\/tr>\n<\/tbody>\n<\/table>\n<\/div>\n<p>&nbsp;<\/p>\n<p><span style=\"text-decoration: underline;\"><strong>El Puente.<\/strong><\/span><\/p>\n<p>La Diputaci\u00f3n de Salamanca va a proporcionar una alternativa. Tras el derrumbe del puente por el que acceden al municipio sus 19 vecinos, el pasado martes d\u00eda 25, el consistorio mantuvo una reuni\u00f3n con los afectados, quienes se mostraron satisfechos con \u201cel inter\u00e9s que tiene la diputaci\u00f3n\u201d, se\u00f1al\u00f3 uno de los asistentes.<\/p>\n<p>Por su parte, el alcalde, Jos\u00e9 Ignacio Colsa, manifest\u00f3 que conf\u00edan en que la instituci\u00f3n provincial se encargue de restablecer la normalidad en el municipio. \u201cLa presidenta se ha comprometido\u201d, a\u00f1adi\u00f3.<br \/>\nEn esta misma l\u00ednea, la diputaci\u00f3n coment\u00f3 que los t\u00e9cnicos han comenzado las labores para evaluar el estado del puente y determinar qu\u00e9 tipo de trabajo se podr\u00e1 instaurar, adem\u00e1s de calcular el coste econ\u00f3mico de las actuaciones que se desarrollen.<\/p>\n<p><a name=\"n5153\"><\/a><\/p>\n<p><a name=\"n5107\"><\/a><\/p>\n<p><a name=\"n5107\"><\/a><\/p>\n<p><a name=\"n5107\"><\/a><\/p>\n<p><a name=\"n5107\"><\/a><\/p>\n<p>Los 19 vecinos de Mozodiel de Sanch\u00ed\u00f1igo \u2013pedan\u00eda de Castellanos de Villiquera\u2013 tienen que acceder al municipio por un camino secundario en mal estado, de un kil\u00f3metro de distancia aproximadamente, a consecuencia de la ca\u00edda de un puente (que data del siglo XVIII, y por el que narra la leyenda que pas\u00f3 Crist\u00f3bal Col\u00f3n), el pasado viernes, por el que habitualmente discurr\u00edan.<\/p>\n<p><a name=\"n5107\"><\/a><\/p>\n<p><a name=\"n5107\"><\/a><\/p>\n<p><a name=\"n5107\"><\/a><\/p>\n<p><a name=\"n5107\"><\/a><a name=\"n5153\"><\/a><\/p>\n<p><a name=\"n5107\"><\/a>Seg\u00fan los vecinos, la infraestructura corr\u00eda peligro de derrumbarse desde hace un mes y medio, aunque \u201cnadie nos est\u00e1 haciendo caso y nosotros no tenemos fondos para poder solucionarlo\u201d, manifestaron. Pero, los vecinos temen que, si las instituciones no encuentran una soluci\u00f3n en el menor tiempo posible, se produzca alg\u00fan accidente. \u201cPor esta zona pasea mucha gente y tambi\u00e9n ni\u00f1os\u201d, a\u00f1aden.<br \/>\nPor su parte, el alcalde, Jos\u00e9 Ignacio Colsa, coment\u00f3 que conf\u00eda en que la Diputaci\u00f3n de Salamanca se encarge de reparar el puente \u201cdada su disposici\u00f3n\u201d, que, seg\u00fan sus palabras, tendr\u00eda un coste de alrededor 6.000 euros (1 mill\u00f3n de pesetas)\u201d que solucionar\u00edan sus problemas.<\/p>\n<p><a name=\"n5107\"><\/a>martes, 25 de mayo de 2004 a las 0:00<\/p>\n<p><a name=\"n5107\"><\/a><\/p>\n<p><a name=\"n5107\"><\/a><\/p>\n<p><a name=\"n5107\"><\/a><\/p>\n<p><strong>Obra arreglo de carretera<\/strong><\/p>\n<p>Subasta publica (8\u00ba lote) de las obras de acondicionamiento puente sobre Arroyo de la Encina en Mozodiel de Sanchi\u00f1igo (POL-2005\/varios-2006) S\u00a0\u00a0\u00a0\u00a0\u00a0\u00a0\u00a0\u00a0 A49011109\u00a0\u00a0\u00a0\u00a0 11\/10\/2006\u00a0\u00a0\u00a0\u00a0\u00a0 150.000,00<\/p>\n<div>Diputacion de Salamanca y mas exactamente desde su presidencia D\u00f1a Isabel Jimenez se concedio (a peticion como alcalde de lapedania) la financiacion del 100% de la obra escendiendo a150.000,00\u20ac. Con ello quedaba negociado el arreglo del puente y asfaltado de la carretera hasta la entrada del pueblo por camino de Aldeaseca de la Armu\u00f1a. Jose Ignacio de Colsa agradece a Regino Avila su confianza en todo momento asi como anuestro inolvidable vecino y amigo, miembro de la corporacion, D.Manuel Benito ya que sin su apoyo no habria sido posible.<\/div>\n<div>Gracias a la que fue Presidenta de la Diputacion ISABEL JIMENEZ que demostro sensibilidad y responsabilidad ante nuestra\u00a0petici\u00f3n.<\/div>\n<p>&nbsp;<\/p>\n<p>&nbsp;<\/p>\n<p>&nbsp;<\/p>\n<p>&nbsp;<\/p>\n<p>&nbsp;<\/p>\n<p><a href=\"http:\/\/xn--mozodieldesanchiigo-b4b.es\/wp-content\/uploads\/2012\/02\/IMG_4342.jpg\"><img loading=\"lazy\" decoding=\"async\" class=\"aligncenter size-full wp-image-736\" title=\"IMG_4342\" alt=\"\" src=\"http:\/\/xn--mozodieldesanchiigo-b4b.es\/wp-content\/uploads\/2012\/02\/IMG_4342.jpg\" width=\"480\" height=\"320\" srcset=\"http:\/\/xn--mozodieldesanchiigo-b4b.es\/wp-content\/uploads\/2012\/02\/IMG_4342.jpg 480w, http:\/\/xn--mozodieldesanchiigo-b4b.es\/wp-content\/uploads\/2012\/02\/IMG_4342-300x200.jpg 300w\" sizes=\"auto, (max-width: 480px) 100vw, 480px\" \/><\/a>Partida contra el\u00a0Campe\u00f3n\u00a0de Espa\u00f1a Alexei Shirov<\/p>\n","protected":false},"excerpt":{"rendered":"<p>Aqu\u00ed\u00a0expondremos\u00a0noticias de relevancia en las que el tema sea el Pueblo o cualquiera positiva de sus vecinos. Las entidades locales menores piden administrar sus bienes PROVINCIA Escrito por: Pablo Mart\u00ednLunes, 18 de Noviembre de 2013 08:24 \u00a0Campillo de Salvatierra, entidad &hellip; <a href=\"http:\/\/xn--mozodieldesanchiigo-b4b.es\/?page_id=588\">Sigue leyendo <span class=\"meta-nav\">&rarr;<\/span><\/a><\/p>\n","protected":false},"author":1,"featured_media":0,"parent":0,"menu_order":0,"comment_status":"open","ping_status":"open","template":"","meta":{"footnotes":""},"class_list":["post-588","page","type-page","status-publish","hentry"],"_links":{"self":[{"href":"http:\/\/xn--mozodieldesanchiigo-b4b.es\/index.php?rest_route=\/wp\/v2\/pages\/588","targetHints":{"allow":["GET"]}}],"collection":[{"href":"http:\/\/xn--mozodieldesanchiigo-b4b.es\/index.php?rest_route=\/wp\/v2\/pages"}],"about":[{"href":"http:\/\/xn--mozodieldesanchiigo-b4b.es\/index.php?rest_route=\/wp\/v2\/types\/page"}],"author":[{"embeddable":true,"href":"http:\/\/xn--mozodieldesanchiigo-b4b.es\/index.php?rest_route=\/wp\/v2\/users\/1"}],"replies":[{"embeddable":true,"href":"http:\/\/xn--mozodieldesanchiigo-b4b.es\/index.php?rest_route=%2Fwp%2Fv2%2Fcomments&post=588"}],"version-history":[{"count":20,"href":"http:\/\/xn--mozodieldesanchiigo-b4b.es\/index.php?rest_route=\/wp\/v2\/pages\/588\/revisions"}],"predecessor-version":[{"id":1031,"href":"http:\/\/xn--mozodieldesanchiigo-b4b.es\/index.php?rest_route=\/wp\/v2\/pages\/588\/revisions\/1031"}],"wp:attachment":[{"href":"http:\/\/xn--mozodieldesanchiigo-b4b.es\/index.php?rest_route=%2Fwp%2Fv2%2Fmedia&parent=588"}],"curies":[{"name":"wp","href":"https:\/\/api.w.org\/{rel}","templated":true}]}}