{"id":78,"date":"2011-07-28T01:28:38","date_gmt":"2011-07-27T23:28:38","guid":{"rendered":"http:\/\/xn--mozodieldesanchiigo-b4b.es\/?page_id=78"},"modified":"2011-12-31T23:23:05","modified_gmt":"2011-12-31T21:23:05","slug":"mozodiel-en-imagenes-2","status":"publish","type":"page","link":"http:\/\/xn--mozodieldesanchiigo-b4b.es\/?page_id=78","title":{"rendered":"Im\u00e1genes"},"content":{"rendered":"<p><strong>Mozodiel de Sanch\u00ed\u00f1igo en im\u00e1genes<\/strong><\/p>\n<p>No basta con decir lo inigualable que es Mozodiel de Sanch\u00ed\u00f1igo: hay que verlo. Y \u00bfqu\u00e9 mejor que disfrutar de unas cuant\u00e1s im\u00e1genes de esta peque\u00f1a maravilla?<\/p>\n<p>Al acercarse a Mozodiel desde la entrada noroeste de la carretera de Ledesma podemos ver las casas situadas m\u00e1s altas del pueblo, emergiendo del cereal.<\/p>\n<div id=\"attachment_61\" style=\"width: 650px\" class=\"wp-caption aligncenter\"><a href=\"http:\/\/xn--mozodieldesanchiigo-b4b.es\/wp-content\/uploads\/2011\/07\/mozodiel-21-e1311805924704.jpg\"><img loading=\"lazy\" decoding=\"async\" aria-describedby=\"caption-attachment-61\" class=\"size-large wp-image-61\" title=\"Mozodiel visto desde el acceso noroeste\" src=\"http:\/\/xn--mozodieldesanchiigo-b4b.es\/wp-content\/uploads\/2011\/07\/mozodiel-21-1024x576.jpg\" alt=\"Mozodiel visto desde el acceso noroeste\" width=\"640\" height=\"360\" \/><\/a><p id=\"caption-attachment-61\" class=\"wp-caption-text\">Mozodiel visto desde el acceso noroeste, emergiendo del cereal<\/p><\/div>\n<p>Cuando te acercas a Mozodiel de Sanch\u00ed\u00f1igo por el acceso sur, cruzas el <strong>puente romano de Mozodiel de Sanch\u00ed\u00f1igo.<\/strong> Dicen que Cristobal Col\u00f3n cruz\u00f3 este puente cuando se dirig\u00eda a Zorita para la validaci\u00f3n cient\u00edfica del proyecto de cruzar el Atl\u00e1ntico para conseguir una nueva \u00abruta de las especias\u00bb<\/p>\n<div id=\"attachment_69\" style=\"width: 650px\" class=\"wp-caption aligncenter\"><a href=\"http:\/\/xn--mozodieldesanchiigo-b4b.es\/wp-content\/uploads\/2011\/07\/puente-romano-mozodiel-e1311807392802.jpg\"><img loading=\"lazy\" decoding=\"async\" aria-describedby=\"caption-attachment-69\" class=\"size-large wp-image-69\" title=\"El puente romano de Mozodiel\" src=\"http:\/\/xn--mozodieldesanchiigo-b4b.es\/wp-content\/uploads\/2011\/07\/puente-romano-mozodiel-1024x768.jpg\" alt=\"El puente romano de Mozodiel\" width=\"640\" height=\"480\" \/><\/a><p id=\"caption-attachment-69\" class=\"wp-caption-text\">El puente romano de Mozodiel<\/p><\/div>\n<p>Los romanos tambi\u00e9n construyeron en Mozodiel de Sanch\u00ed\u00f1igo una fuente romana que, gracias al esfuerzo y gesti\u00f3n de nuestro ex-alcalde Jes\u00fas, a\u00fan hoy nos acompa\u00f1a como si el tiempo no hubiera pasado.<\/p>\n<div id=\"attachment_68\" style=\"width: 650px\" class=\"wp-caption aligncenter\"><a href=\"http:\/\/xn--mozodieldesanchiigo-b4b.es\/wp-content\/uploads\/2011\/07\/fuente-mozodiel-e1311806308235.jpg\"><img loading=\"lazy\" decoding=\"async\" aria-describedby=\"caption-attachment-68\" class=\"size-large wp-image-68\" title=\"La fuente romana de Mozodiel de Sanch\u00ed\u00f1igo\" src=\"http:\/\/xn--mozodieldesanchiigo-b4b.es\/wp-content\/uploads\/2011\/07\/fuente-mozodiel-1024x768.jpg\" alt=\"La fuente romana de Mozodiel de Sanch\u00ed\u00f1igo\" width=\"640\" height=\"480\" \/><\/a><p id=\"caption-attachment-68\" class=\"wp-caption-text\">La fuente romana de Mozodiel de Sanch\u00ed\u00f1igo<\/p><\/div>\n<p>La magia de Mozodiel de Sanch\u00ed\u00f1igo consigue que incluso una vieja bicicleta tenga su encanto. Muchos ciclistas pasan por Mozodiel todos los d\u00edas, disfrutando de nuestro extraordinario paisaje y nuestro aire limpio y puro.<\/p>\n<div id=\"attachment_67\" style=\"width: 650px\" class=\"wp-caption aligncenter\"><a href=\"http:\/\/xn--mozodieldesanchiigo-b4b.es\/wp-content\/uploads\/2011\/07\/bicicleta-mozodiel-e1311805876866.jpg\"><img loading=\"lazy\" decoding=\"async\" aria-describedby=\"caption-attachment-67\" class=\"size-large wp-image-67\" title=\"Bicicleta en Mozodiel de Sanch\u00ed\u00f1igo\" src=\"http:\/\/xn--mozodieldesanchiigo-b4b.es\/wp-content\/uploads\/2011\/07\/bicicleta-mozodiel-1024x768.jpg\" alt=\"Bicicleta en Mozodiel de Sanch\u00ed\u00f1igo\" width=\"640\" height=\"480\" \/><\/a><p id=\"caption-attachment-67\" class=\"wp-caption-text\">Bicicleta en Mozodiel de Sanch\u00ed\u00f1igo<\/p><\/div>\n<p>Incluso cuando el fr\u00edo aprieta, Mozodiel de Sanch\u00ed\u00f1igo tiene su encanto con el campo cubierto de nieve, contrastando con el amor de la lumbre que, como dec\u00eda D. Miguel de Unamuno, \u00ab&#8230; cuya llama como una cresta de la mar ondea\u00bb.<\/p>\n<div id=\"attachment_71\" style=\"width: 650px\" class=\"wp-caption aligncenter\"><a href=\"http:\/\/xn--mozodieldesanchiigo-b4b.es\/wp-content\/uploads\/2011\/07\/mozodiel-nevado-e1311807610955.jpg\"><img loading=\"lazy\" decoding=\"async\" aria-describedby=\"caption-attachment-71\" class=\"size-large wp-image-71\" title=\"Mozodiel de Sanch\u00ed\u00f1igo Nevado\" src=\"http:\/\/xn--mozodieldesanchiigo-b4b.es\/wp-content\/uploads\/2011\/07\/mozodiel-nevado-1024x768.jpg\" alt=\"Mozodiel de Sanch\u00ed\u00f1igo Nevado\" width=\"640\" height=\"480\" \/><\/a><p id=\"caption-attachment-71\" class=\"wp-caption-text\">Mozodiel de Sanch\u00ed\u00f1igo Nevado<\/p><\/div>\n<p>Acompa\u00f1e el tiempo o no, todos los a\u00f1os, el \u00faltimo domingo de Agosto el pueblo de Mozodiel de Sanch\u00ed\u00f1igo agradece a San Salvador que haya preservado las cosechas.<\/p>\n<div id=\"attachment_72\" style=\"width: 650px\" class=\"wp-caption aligncenter\"><a href=\"http:\/\/xn--mozodieldesanchiigo-b4b.es\/wp-content\/uploads\/2011\/07\/procesion-san-salvador-e1311807887777.jpg\"><img loading=\"lazy\" decoding=\"async\" aria-describedby=\"caption-attachment-72\" class=\"size-large wp-image-72\" title=\"Procesi\u00f3n de San Salvador\" src=\"http:\/\/xn--mozodieldesanchiigo-b4b.es\/wp-content\/uploads\/2011\/07\/procesion-san-salvador-1024x768.jpg\" alt=\"Procesi\u00f3n de San Salvador\" width=\"640\" height=\"480\" \/><\/a><p id=\"caption-attachment-72\" class=\"wp-caption-text\">Procesi\u00f3n de San Salvador, santo patr\u00f3n de Mozodiel de Sanch\u00ed\u00f1igo<\/p><\/div>\n<p>&nbsp;<\/p>\n<p><strong><br \/>\n<\/strong><\/p>\n","protected":false},"excerpt":{"rendered":"<p>Mozodiel de Sanch\u00ed\u00f1igo en im\u00e1genes No basta con decir lo inigualable que es Mozodiel de Sanch\u00ed\u00f1igo: hay que verlo. Y \u00bfqu\u00e9 mejor que disfrutar de unas cuant\u00e1s im\u00e1genes de esta peque\u00f1a maravilla? Al acercarse a Mozodiel desde la entrada noroeste &hellip; <a href=\"http:\/\/xn--mozodieldesanchiigo-b4b.es\/?page_id=78\">Sigue leyendo <span class=\"meta-nav\">&rarr;<\/span><\/a><\/p>\n","protected":false},"author":1,"featured_media":129,"parent":0,"menu_order":0,"comment_status":"open","ping_status":"open","template":"","meta":{"footnotes":""},"class_list":["post-78","page","type-page","status-publish","has-post-thumbnail","hentry"],"_links":{"self":[{"href":"http:\/\/xn--mozodieldesanchiigo-b4b.es\/index.php?rest_route=\/wp\/v2\/pages\/78","targetHints":{"allow":["GET"]}}],"collection":[{"href":"http:\/\/xn--mozodieldesanchiigo-b4b.es\/index.php?rest_route=\/wp\/v2\/pages"}],"about":[{"href":"http:\/\/xn--mozodieldesanchiigo-b4b.es\/index.php?rest_route=\/wp\/v2\/types\/page"}],"author":[{"embeddable":true,"href":"http:\/\/xn--mozodieldesanchiigo-b4b.es\/index.php?rest_route=\/wp\/v2\/users\/1"}],"replies":[{"embeddable":true,"href":"http:\/\/xn--mozodieldesanchiigo-b4b.es\/index.php?rest_route=%2Fwp%2Fv2%2Fcomments&post=78"}],"version-history":[{"count":11,"href":"http:\/\/xn--mozodieldesanchiigo-b4b.es\/index.php?rest_route=\/wp\/v2\/pages\/78\/revisions"}],"predecessor-version":[{"id":81,"href":"http:\/\/xn--mozodieldesanchiigo-b4b.es\/index.php?rest_route=\/wp\/v2\/pages\/78\/revisions\/81"}],"wp:featuredmedia":[{"embeddable":true,"href":"http:\/\/xn--mozodieldesanchiigo-b4b.es\/index.php?rest_route=\/wp\/v2\/media\/129"}],"wp:attachment":[{"href":"http:\/\/xn--mozodieldesanchiigo-b4b.es\/index.php?rest_route=%2Fwp%2Fv2%2Fmedia&parent=78"}],"curies":[{"name":"wp","href":"https:\/\/api.w.org\/{rel}","templated":true}]}}